{"id":11,"date":"2014-08-24T20:13:33","date_gmt":"2014-08-24T18:13:33","guid":{"rendered":"http:\/\/www.aikido-ffab-ra.org\/2014\/08\/24\/laikido\/"},"modified":"2025-03-10T15:32:21","modified_gmt":"2025-03-10T14:32:21","slug":"aikido","status":"publish","type":"page","link":"https:\/\/www.aikido-ffab-ra.org\/?page_id=11","title":{"rendered":"L&rsquo;A\u00efkido"},"content":{"rendered":"\t\t<div data-elementor-type=\"wp-page\" data-elementor-id=\"11\" class=\"elementor elementor-11\">\n\t\t\t\t\t\t\t\t\t<section class=\"elementor-section elementor-top-section elementor-element elementor-element-e6a3c17 elementor-section-full_width elementor-section-height-min-height elementor-section-stretched elementor-section-height-default elementor-section-items-middle\" data-id=\"e6a3c17\" data-element_type=\"section\" data-settings=\"{&quot;stretch_section&quot;:&quot;section-stretched&quot;,&quot;background_background&quot;:&quot;classic&quot;}\">\n\t\t\t\t\t\t<div class=\"elementor-container elementor-column-gap-default\">\n\t\t\t\t\t<div class=\"elementor-column elementor-col-100 elementor-top-column elementor-element elementor-element-7f3f7c5\" data-id=\"7f3f7c5\" data-element_type=\"column\">\n\t\t\t<div class=\"elementor-widget-wrap\">\n\t\t\t\t\t\t\t\t\t<\/div>\n\t\t<\/div>\n\t\t\t\t\t\t\t<\/div>\n\t\t<\/section>\n\t\t\t\t<section class=\"elementor-section elementor-top-section elementor-element elementor-element-3ea92db6 elementor-section-full_width elementor-section-stretched elementor-section-height-default elementor-section-height-default\" data-id=\"3ea92db6\" data-element_type=\"section\" data-settings=\"{&quot;stretch_section&quot;:&quot;section-stretched&quot;}\">\n\t\t\t\t\t\t<div class=\"elementor-container elementor-column-gap-default\">\n\t\t\t\t\t<div class=\"elementor-column elementor-col-50 elementor-top-column elementor-element elementor-element-6590257b\" data-id=\"6590257b\" data-element_type=\"column\">\n\t\t\t<div class=\"elementor-widget-wrap elementor-element-populated\">\n\t\t\t\t\t\t\t\t<div class=\"elementor-element elementor-element-a5c2d9f elementor-widget elementor-widget-image\" data-id=\"a5c2d9f\" data-element_type=\"widget\" data-widget_type=\"image.default\">\n\t\t\t\t<div class=\"elementor-widget-container\">\n\t\t\t\t\t\t\t\t\t\t\t\t\t\t\t<img loading=\"lazy\" decoding=\"async\" width=\"630\" height=\"539\" src=\"https:\/\/www.aikido-ffab-ra.org\/wp-content\/uploads\/actualites\/aikido\/Nobuyoshi-TAMURA-Shihan.jpg\" class=\"attachment-large size-large\" alt=\"Nobuyoshi-TAMURA-Shihan\" srcset=\"https:\/\/www.aikido-ffab-ra.org\/wp-content\/uploads\/actualites\/aikido\/Nobuyoshi-TAMURA-Shihan.jpg 630w, https:\/\/www.aikido-ffab-ra.org\/wp-content\/uploads\/actualites\/aikido\/Nobuyoshi-TAMURA-Shihan-450x385.jpg 450w\" sizes=\"auto, (max-width: 630px) 100vw, 630px\" \/>\t\t\t\t\t\t\t\t\t\t\t\t\t\t\t<\/div>\n\t\t\t\t<\/div>\n\t\t\t\t\t<\/div>\n\t\t<\/div>\n\t\t\t\t<div class=\"elementor-column elementor-col-50 elementor-top-column elementor-element elementor-element-19ce663\" data-id=\"19ce663\" data-element_type=\"column\">\n\t\t\t<div class=\"elementor-widget-wrap elementor-element-populated\">\n\t\t\t\t\t\t\t\t<div class=\"elementor-element elementor-element-63ddeb33 elementor-widget elementor-widget-text-editor\" data-id=\"63ddeb33\" data-element_type=\"widget\" data-widget_type=\"text-editor.default\">\n\t\t\t\t<div class=\"elementor-widget-container\">\n\t\t\t\t\t\t\t<h2>Nobuyoshi TAMURA Shihan<\/h2><p><strong>Nobuyoshi TAMURA<\/strong><br class=\"autobr\" \/>n\u00e9 le 2 mars 1933 \u00e0 Osaka.<\/p><p>Il d\u00e9bute la pratique du Judo et surtout du Kendo au coll\u00e8ge, sous la direction d\u2019un ami de son p\u00e8re, lui m\u00eame enseignant de cet art. Le jeune TAMURA int\u00e8gre l\u2019aikika\u00ef Hombu Dojo, le 5 ao\u00fbt 1952 en tant qu\u2019\u00e9l\u00e8ve interne. <strong>Il devient rapidement l\u2019un des disciples les plus proches du fondateur Morihei UESHIBA. <\/strong> Durant plusieurs ann\u00e9es, il accompagne O Sensei dans la majorit\u00e9 de ses d\u00e9placements devenant son partenaire privil\u00e9gi\u00e9 pour les d\u00e9monstrations publiques.<\/p><p><strong>En 1964<\/strong>, Nobuyoshi TAMURA est missionn\u00e9 par l\u2019Aikikai pour \u00e9tudier le fonctionnement de l\u2019A\u00efkido en France au travers des structures associatives. Apr\u00e8s onze ann\u00e9es pass\u00e9es \u00e0 l\u2019aikikai de Tokyo, <strong>Ma\u00eetre TAMURA d\u00e9cide de s\u2019installer d\u00e9finitivement en France.<\/strong><\/p><p><strong>Shihan 7\u00e8me dan et d\u00e9l\u00e9gu\u00e9 officiel de l\u2019A\u00efkika\u00ef So Hombu,<\/strong> Ma\u00eetre TAMURA d\u00e9veloppe un style de plus en plus repr\u00e9sentatif. En 1982, Ma\u00eetre TAMURA se prononce pour la s\u00e9paration de la F.F.J.D.A. et la cr\u00e9ation de F\u00e9d\u00e9ration Fran\u00e7aise Libre d\u2019A\u00efkido (F.F.L.A.). <strong>En 1985, celle-ci devient la F\u00e9d\u00e9ration Fran\u00e7aise d\u2019A\u00efkido et de Budo (F.F.A.B.)<\/strong>, dont il est nomm\u00e9 <strong>Directeur Technique National<\/strong>.<\/p><p><strong>Pendant pr\u00e8s de trente ans,<\/strong> TAMURA Shihan a dirig\u00e9 r\u00e9guli\u00e8rement en France de nombreux stages f\u00e9d\u00e9raux dans les LIGUES formant plusieurs g\u00e9n\u00e9rations d\u2019enseignants et de techniciens de Haut Niveau, tout en s\u2019attachant \u00e0 rester proche des pratiquants de base.<\/p><p><strong>Ma\u00eetre de renomm\u00e9e mondiale particuli\u00e8rement appr\u00e9ci\u00e9<\/strong>, il a anim\u00e9 des stages aux quatre coins du monde , tout particuli\u00e8rement en tant que d\u00e9l\u00e9gu\u00e9 de l\u2019A\u00efkika\u00ef de Tokyo pour l\u2019Europe, dans de nombreux pays europ\u00e9ens\u00a0: en Allemagne, en Italie, au Portugal, au Royaume Uni, en Belgique, en Suisse, en Su\u00e8de, en Russie, \u2026 .<\/p><p><strong>Chaque \u00e9t\u00e9, TAMURA Shihan a dirig\u00e9 en France, trois stages internationaux<\/strong> d\u2019une semaine qui r\u00e9unissaient parfois plus de 500 de pratiquants &#8211; Le stage de Lesneven (en juillet), le stage de Saint Mandrier (fin juillet-d\u00e9but ao\u00fbt) et celui de la Colle sur Loup (en ao\u00fbt).<\/p><p>Ma\u00eetre TAMURA est d\u00e9c\u00e9d\u00e9 \u00e0 Saint Maximin-la Ste-Baume le 9 juillet 2010. Il avait 77 ans.<\/p><p><a class=\"spip_out\" href=\"http:\/\/www.ffabaikido.fr\/fr\/les-ma-tres-fondateurs-23.html\" target=\"_blank\" rel=\"external noopener\"><i>Plus d\u2019informations sur le site FFAB<\/i><\/a><\/p>\t\t\t\t\t\t<\/div>\n\t\t\t\t<\/div>\n\t\t\t\t\t<\/div>\n\t\t<\/div>\n\t\t\t\t\t\t\t<\/div>\n\t\t<\/section>\n\t\t\t\t<section class=\"elementor-section elementor-top-section elementor-element elementor-element-1bfd862 elementor-section-full_width elementor-section-stretched elementor-section-height-default elementor-section-height-default\" data-id=\"1bfd862\" data-element_type=\"section\" data-settings=\"{&quot;stretch_section&quot;:&quot;section-stretched&quot;}\">\n\t\t\t\t\t\t<div class=\"elementor-container elementor-column-gap-default\">\n\t\t\t\t\t<div class=\"elementor-column elementor-col-50 elementor-top-column elementor-element elementor-element-56db4d2\" data-id=\"56db4d2\" data-element_type=\"column\">\n\t\t\t<div class=\"elementor-widget-wrap elementor-element-populated\">\n\t\t\t\t\t\t\t\t<div class=\"elementor-element elementor-element-5921026 elementor-widget elementor-widget-image\" data-id=\"5921026\" data-element_type=\"widget\" data-widget_type=\"image.default\">\n\t\t\t\t<div class=\"elementor-widget-container\">\n\t\t\t\t\t\t\t\t\t\t\t\t\t\t\t<img loading=\"lazy\" decoding=\"async\" width=\"630\" height=\"632\" src=\"https:\/\/www.aikido-ffab-ra.org\/wp-content\/uploads\/actualites\/aikido\/Pratique-Aikido-Tamura.jpg\" class=\"attachment-large size-large\" alt=\"\" srcset=\"https:\/\/www.aikido-ffab-ra.org\/wp-content\/uploads\/actualites\/aikido\/Pratique-Aikido-Tamura.jpg 630w, https:\/\/www.aikido-ffab-ra.org\/wp-content\/uploads\/actualites\/aikido\/Pratique-Aikido-Tamura-450x451.jpg 450w, https:\/\/www.aikido-ffab-ra.org\/wp-content\/uploads\/actualites\/aikido\/Pratique-Aikido-Tamura-300x300.jpg 300w\" sizes=\"auto, (max-width: 630px) 100vw, 630px\" \/>\t\t\t\t\t\t\t\t\t\t\t\t\t\t\t<\/div>\n\t\t\t\t<\/div>\n\t\t\t\t\t<\/div>\n\t\t<\/div>\n\t\t\t\t<div class=\"elementor-column elementor-col-50 elementor-top-column elementor-element elementor-element-9d3a9ce\" data-id=\"9d3a9ce\" data-element_type=\"column\">\n\t\t\t<div class=\"elementor-widget-wrap elementor-element-populated\">\n\t\t\t\t\t\t\t\t<div class=\"elementor-element elementor-element-fe06c26 elementor-widget elementor-widget-text-editor\" data-id=\"fe06c26\" data-element_type=\"widget\" data-widget_type=\"text-editor.default\">\n\t\t\t\t<div class=\"elementor-widget-container\">\n\t\t\t\t\t\t\t<h2><strong>L&rsquo;A\u00efkido, une discipline accessible \u00e0 tous<\/strong><\/h2><p><img loading=\"lazy\" decoding=\"async\" class=\"size-full wp-image-10 alignright\" src=\"https:\/\/www.aikido-ffab-ra.org\/wp-content\/uploads\/2014\/08\/arton6.jpg\" width=\"204\" height=\"141\" \/><\/p><p>Plut\u00f4t convaincre que vaincre, sans humilier et en respectant l&rsquo;int\u00e9grit\u00e9 physique de l&rsquo;un et de l&rsquo;autre. La recherche de l&rsquo;A\u00efkido est celle de l&rsquo;\u00e9quilibre optimum de l&rsquo;individu par rapport \u00e0 lui-m\u00eame, et par rapport \u00e0 son environnement. Chacun peut se conformer \u00e0 ses possibilit\u00e9s physiques, le but \u00e9tant pr\u00e9cis\u00e9ment de mieux les conna\u00eetre. Une telle pratique est donc accessible \u00e0 tous, hommes ou femme, de l&rsquo;\u00e2ge tendre \u00e0 l&rsquo;\u00e2ge m\u00fbr.<\/p><h3><strong>L&rsquo;AIKIDO et les JEUNES<\/strong><\/h3><p>L&rsquo;a\u00efkido est une discipline martiale de plus en plus pratiqu\u00e9e par les jeunes d\u00e8s l&rsquo;\u00e2ge de 6 ans. Cette voie traditionnelle s\u2019adapte tout \u00e0 fait \u00e0 notre vie moderne en nous apprenant \u00e0 r\u00e9soudre les conflits sans violence.<\/p><p>Les valeurs \u00e9ducatives de l&rsquo;a\u00efkido participent \u00e0 l&rsquo;\u00e9ducation de l&rsquo;enfant : respect du lieu o\u00f9 l&rsquo;on pratique, respect des r\u00e8gles. Le jeune prend sa place dans le groupe en apprenant \u00e0 se respecter lui-m\u00eame et \u00e0 respecter les autres.<\/p><p>Le d\u00e9veloppement de l&rsquo;attention qui est au centre de la pratique le conduit progressivement \u00e0 prendre conscience de ses capacit\u00e9s, de son potentiel cr\u00e9ateur. Il travaille son attitude posturale, le contr\u00f4le et la coordination de ses mouvements. Cette voie lui enseigne la sinc\u00e9rit\u00e9 de l&rsquo;action, le sens de l&rsquo;effort, \u00e0 transformer le conflit. Il s&rsquo;ouvre ainsi \u00e0 sa propre sensibilit\u00e9.<\/p><ul><li><a href=\"https:\/\/www.aikido-ffab-ra.org\/?page_id=421\">Pour trouver un club en Rh\u00f4ne Alpes<\/a><\/li><\/ul><ul><li><a href=\"https:\/\/www.ffabaikido.fr\/fr\/\">Pour trouver un club en FRANCE<\/a><\/li><\/ul>\t\t\t\t\t\t<\/div>\n\t\t\t\t<\/div>\n\t\t\t\t\t<\/div>\n\t\t<\/div>\n\t\t\t\t\t\t\t<\/div>\n\t\t<\/section>\n\t\t\t\t<section class=\"elementor-section elementor-top-section elementor-element elementor-element-dda3c4a elementor-section-boxed elementor-section-height-default elementor-section-height-default\" data-id=\"dda3c4a\" data-element_type=\"section\">\n\t\t\t\t\t\t<div class=\"elementor-container elementor-column-gap-default\">\n\t\t\t\t\t<div class=\"elementor-column elementor-col-50 elementor-top-column elementor-element elementor-element-dd99a42\" data-id=\"dd99a42\" data-element_type=\"column\">\n\t\t\t<div class=\"elementor-widget-wrap elementor-element-populated\">\n\t\t\t\t\t\t\t\t<div class=\"elementor-element elementor-element-a18402d elementor-align-justify elementor-widget elementor-widget-button\" data-id=\"a18402d\" data-element_type=\"widget\" data-widget_type=\"button.default\">\n\t\t\t\t<div class=\"elementor-widget-container\">\n\t\t\t\t\t<div class=\"elementor-button-wrapper\">\n\t\t\t<a href=\"https:\/\/www.aikido-ffab-ra.org\/?page_id=421\" class=\"elementor-button-link elementor-button elementor-size-lg\" role=\"button\">\n\t\t\t\t\t\t<span class=\"elementor-button-content-wrapper\">\n\t\t\t\t\t\t<span class=\"elementor-button-text\">Pour trouver un club en Rh\u00f4ne Alpes<\/span>\n\t\t<\/span>\n\t\t\t\t\t<\/a>\n\t\t<\/div>\n\t\t\t\t<\/div>\n\t\t\t\t<\/div>\n\t\t\t\t\t<\/div>\n\t\t<\/div>\n\t\t\t\t<div class=\"elementor-column elementor-col-50 elementor-top-column elementor-element elementor-element-624461c\" data-id=\"624461c\" data-element_type=\"column\">\n\t\t\t<div class=\"elementor-widget-wrap elementor-element-populated\">\n\t\t\t\t\t\t\t\t<div class=\"elementor-element elementor-element-c6847d0 elementor-align-justify elementor-widget elementor-widget-button\" data-id=\"c6847d0\" data-element_type=\"widget\" data-widget_type=\"button.default\">\n\t\t\t\t<div class=\"elementor-widget-container\">\n\t\t\t\t\t<div class=\"elementor-button-wrapper\">\n\t\t\t<a href=\"http:\/\/www.ffabaikido.fr\/fr\/aikido_ffab.php?id_page=22\" class=\"elementor-button-link elementor-button elementor-size-lg\" role=\"button\">\n\t\t\t\t\t\t<span class=\"elementor-button-content-wrapper\">\n\t\t\t\t\t\t<span class=\"elementor-button-text\">Pour trouver un club en France<\/span>\n\t\t<\/span>\n\t\t\t\t\t<\/a>\n\t\t<\/div>\n\t\t\t\t<\/div>\n\t\t\t\t<\/div>\n\t\t\t\t\t<\/div>\n\t\t<\/div>\n\t\t\t\t\t\t\t<\/div>\n\t\t<\/section>\n\t\t\t\t<section class=\"elementor-section elementor-top-section elementor-element elementor-element-27bee15 elementor-section-boxed elementor-section-height-default elementor-section-height-default\" data-id=\"27bee15\" data-element_type=\"section\">\n\t\t\t\t\t\t<div class=\"elementor-container elementor-column-gap-default\">\n\t\t\t\t\t<div class=\"elementor-column elementor-col-25 elementor-top-column elementor-element elementor-element-3aa613d\" data-id=\"3aa613d\" data-element_type=\"column\">\n\t\t\t<div class=\"elementor-widget-wrap elementor-element-populated\">\n\t\t\t\t\t\t\t\t<div class=\"elementor-element elementor-element-6139caa elementor-align-justify elementor-widget elementor-widget-button\" data-id=\"6139caa\" data-element_type=\"widget\" data-widget_type=\"button.default\">\n\t\t\t\t<div class=\"elementor-widget-container\">\n\t\t\t\t\t<div class=\"elementor-button-wrapper\">\n\t\t\t<a href=\"https:\/\/www.aikido-ffab-ra.org\/?page_id=430do\/pratiquer-laikido\/\" class=\"elementor-button-link elementor-button elementor-size-md\" role=\"button\">\n\t\t\t\t\t\t<span class=\"elementor-button-content-wrapper\">\n\t\t\t\t\t\t<span class=\"elementor-button-text\">Pratiquer l'A\u00efkido<\/span>\n\t\t<\/span>\n\t\t\t\t\t<\/a>\n\t\t<\/div>\n\t\t\t\t<\/div>\n\t\t\t\t<\/div>\n\t\t\t\t\t<\/div>\n\t\t<\/div>\n\t\t\t\t<div class=\"elementor-column elementor-col-25 elementor-top-column elementor-element elementor-element-7ee2370\" data-id=\"7ee2370\" data-element_type=\"column\">\n\t\t\t<div class=\"elementor-widget-wrap elementor-element-populated\">\n\t\t\t\t\t\t\t\t<div class=\"elementor-element elementor-element-16a190a elementor-align-justify elementor-widget elementor-widget-button\" data-id=\"16a190a\" data-element_type=\"widget\" data-widget_type=\"button.default\">\n\t\t\t\t<div class=\"elementor-widget-container\">\n\t\t\t\t\t<div class=\"elementor-button-wrapper\">\n\t\t\t<a href=\"https:\/\/www.aikido-ffab-ra.org\/?page_id=432\" class=\"elementor-button-link elementor-button elementor-size-md\" role=\"button\">\n\t\t\t\t\t\t<span class=\"elementor-button-content-wrapper\">\n\t\t\t\t\t\t<span class=\"elementor-button-text\">Grades de l'A\u00efkido<\/span>\n\t\t<\/span>\n\t\t\t\t\t<\/a>\n\t\t<\/div>\n\t\t\t\t<\/div>\n\t\t\t\t<\/div>\n\t\t\t\t\t<\/div>\n\t\t<\/div>\n\t\t\t\t<div class=\"elementor-column elementor-col-25 elementor-top-column elementor-element elementor-element-5cd940c\" data-id=\"5cd940c\" data-element_type=\"column\">\n\t\t\t<div class=\"elementor-widget-wrap elementor-element-populated\">\n\t\t\t\t\t\t\t\t<div class=\"elementor-element elementor-element-00588d1 elementor-align-justify elementor-widget elementor-widget-button\" data-id=\"00588d1\" data-element_type=\"widget\" data-widget_type=\"button.default\">\n\t\t\t\t<div class=\"elementor-widget-container\">\n\t\t\t\t\t<div class=\"elementor-button-wrapper\">\n\t\t\t<a href=\"https:\/\/www.aikido-ffab-ra.org\/?page_id=434\" class=\"elementor-button-link elementor-button elementor-size-md\" role=\"button\">\n\t\t\t\t\t\t<span class=\"elementor-button-content-wrapper\">\n\t\t\t\t\t\t<span class=\"elementor-button-text\">Enseigner l'A\u00efkido<\/span>\n\t\t<\/span>\n\t\t\t\t\t<\/a>\n\t\t<\/div>\n\t\t\t\t<\/div>\n\t\t\t\t<\/div>\n\t\t\t\t\t<\/div>\n\t\t<\/div>\n\t\t\t\t<div class=\"elementor-column elementor-col-25 elementor-top-column elementor-element elementor-element-62907b7\" data-id=\"62907b7\" data-element_type=\"column\">\n\t\t\t<div class=\"elementor-widget-wrap elementor-element-populated\">\n\t\t\t\t\t\t\t\t<div class=\"elementor-element elementor-element-5560289 elementor-align-justify elementor-widget elementor-widget-button\" data-id=\"5560289\" data-element_type=\"widget\" data-widget_type=\"button.default\">\n\t\t\t\t<div class=\"elementor-widget-container\">\n\t\t\t\t\t<div class=\"elementor-button-wrapper\">\n\t\t\t<a href=\"https:\/\/www.aikido-ffab-ra.org\/?page_id=436\" class=\"elementor-button-link elementor-button elementor-size-md\" role=\"button\">\n\t\t\t\t\t\t<span class=\"elementor-button-content-wrapper\">\n\t\t\t\t\t\t<span class=\"elementor-button-text\">G\u00e9rer un club d'A\u00efkido<\/span>\n\t\t<\/span>\n\t\t\t\t\t<\/a>\n\t\t<\/div>\n\t\t\t\t<\/div>\n\t\t\t\t<\/div>\n\t\t\t\t\t<\/div>\n\t\t<\/div>\n\t\t\t\t\t\t\t<\/div>\n\t\t<\/section>\n\t\t\t\t\t\t\t<\/div>\n\t\t","protected":false},"excerpt":{"rendered":"<p>Nobuyoshi TAMURA Shihan Nobuyoshi TAMURAn\u00e9 le 2 mars 1933 \u00e0 Osaka. Il d\u00e9bute la pratique du Judo et surtout du Kendo au coll\u00e8ge, sous la direction d\u2019un ami de son p\u00e8re, lui m\u00eame enseignant de cet art. Le jeune TAMURA int\u00e8gre l\u2019aikika\u00ef Hombu Dojo, le 5 ao\u00fbt 1952 en tant qu\u2019\u00e9l\u00e8ve interne. Il devient rapidement [&hellip;]<\/p>\n","protected":false},"author":3,"featured_media":10,"parent":0,"menu_order":5,"comment_status":"closed","ping_status":"closed","template":"","meta":{"footnotes":""},"class_list":["post-11","page","type-page","status-publish","has-post-thumbnail","hentry","entry","has-media"],"yoast_head":"<!-- This site is optimized with the Yoast SEO plugin v19.7.1 - https:\/\/yoast.com\/wordpress\/plugins\/seo\/ -->\n<title>L&#039;A\u00efkido - CILAB<\/title>\n<meta name=\"description\" content=\"Nobuyoshi TAMURA ShihanNobuyoshi TAMURAn\u00e9 le 2 mars 1933 \u00e0 Osaka.Il d\u00e9bute la pratique du Judo et surtout du Kendo au coll\u00e8ge, sous la direction d\u2019un ami\" \/>\n<meta name=\"robots\" content=\"index, follow, max-snippet:-1, max-image-preview:large, max-video-preview:-1\" \/>\n<link rel=\"canonical\" href=\"https:\/\/www.aikido-ffab-ra.org\/?page_id=11\" \/>\n<meta property=\"og:locale\" content=\"fr_FR\" \/>\n<meta property=\"og:type\" content=\"article\" \/>\n<meta property=\"og:title\" content=\"L&#039;A\u00efkido - CILAB\" \/>\n<meta property=\"og:description\" content=\"Nobuyoshi TAMURA ShihanNobuyoshi TAMURAn\u00e9 le 2 mars 1933 \u00e0 Osaka.Il d\u00e9bute la pratique du Judo et surtout du Kendo au coll\u00e8ge, sous la direction d\u2019un ami\" \/>\n<meta property=\"og:url\" content=\"https:\/\/www.aikido-ffab-ra.org\/?page_id=11\" \/>\n<meta property=\"og:site_name\" content=\"CILAB\" \/>\n<meta property=\"article:publisher\" content=\"https:\/\/www.facebook.com\/aikido.cilab.7\" \/>\n<meta property=\"article:modified_time\" content=\"2025-03-10T14:32:21+00:00\" \/>\n<meta property=\"og:image\" content=\"https:\/\/www.aikido-ffab-ra.org\/wp-content\/uploads\/2014\/08\/arton6.jpg\" \/>\n\t<meta property=\"og:image:width\" content=\"204\" \/>\n\t<meta property=\"og:image:height\" content=\"141\" \/>\n\t<meta property=\"og:image:type\" content=\"image\/jpeg\" \/>\n<meta name=\"twitter:card\" content=\"summary_large_image\" \/>\n<meta name=\"twitter:label1\" content=\"Dur\u00e9e de lecture estim\u00e9e\" \/>\n\t<meta name=\"twitter:data1\" content=\"4 minutes\" \/>\n<script type=\"application\/ld+json\" class=\"yoast-schema-graph\">{\"@context\":\"https:\/\/schema.org\",\"@graph\":[{\"@type\":\"WebPage\",\"@id\":\"https:\/\/www.aikido-ffab-ra.org\/?page_id=11\",\"url\":\"https:\/\/www.aikido-ffab-ra.org\/?page_id=11\",\"name\":\"L'A\u00efkido - CILAB\",\"isPartOf\":{\"@id\":\"https:\/\/www.aikido-ffab-ra.org\/#website\"},\"datePublished\":\"2014-08-24T18:13:33+00:00\",\"dateModified\":\"2025-03-10T14:32:21+00:00\",\"description\":\"Nobuyoshi TAMURA ShihanNobuyoshi TAMURAn\u00e9 le 2 mars 1933 \u00e0 Osaka.Il d\u00e9bute la pratique du Judo et surtout du Kendo au coll\u00e8ge, sous la direction d\u2019un ami\",\"breadcrumb\":{\"@id\":\"https:\/\/www.aikido-ffab-ra.org\/?page_id=11#breadcrumb\"},\"inLanguage\":\"fr-FR\",\"potentialAction\":[{\"@type\":\"ReadAction\",\"target\":[\"https:\/\/www.aikido-ffab-ra.org\/?page_id=11\"]}]},{\"@type\":\"BreadcrumbList\",\"@id\":\"https:\/\/www.aikido-ffab-ra.org\/?page_id=11#breadcrumb\",\"itemListElement\":[{\"@type\":\"ListItem\",\"position\":1,\"name\":\"Accueil\",\"item\":\"https:\/\/www.aikido-ffab-ra.org\/\"},{\"@type\":\"ListItem\",\"position\":2,\"name\":\"L&rsquo;A\u00efkido\"}]},{\"@type\":\"WebSite\",\"@id\":\"https:\/\/www.aikido-ffab-ra.org\/#website\",\"url\":\"https:\/\/www.aikido-ffab-ra.org\/\",\"name\":\"CILAB\",\"description\":\"\",\"publisher\":{\"@id\":\"https:\/\/www.aikido-ffab-ra.org\/#organization\"},\"potentialAction\":[{\"@type\":\"SearchAction\",\"target\":{\"@type\":\"EntryPoint\",\"urlTemplate\":\"https:\/\/www.aikido-ffab-ra.org\/?s={search_term_string}\"},\"query-input\":\"required name=search_term_string\"}],\"inLanguage\":\"fr-FR\"},{\"@type\":\"Organization\",\"@id\":\"https:\/\/www.aikido-ffab-ra.org\/#organization\",\"name\":\"CILAB\",\"url\":\"https:\/\/www.aikido-ffab-ra.org\/\",\"sameAs\":[\"https:\/\/www.instagram.com\/cilab.aikido\/\",\"https:\/\/www.youtube.com\/channel\/UCt35Eapug9SYepppTidRLbA?app=desktop\",\"https:\/\/www.facebook.com\/aikido.cilab.7\"],\"logo\":{\"@type\":\"ImageObject\",\"inLanguage\":\"fr-FR\",\"@id\":\"https:\/\/www.aikido-ffab-ra.org\/#\/schema\/logo\/image\/\",\"url\":\"https:\/\/www.aikido-ffab-ra.org\/wp-content\/uploads\/2021\/03\/Logo-cilab.png\",\"contentUrl\":\"https:\/\/www.aikido-ffab-ra.org\/wp-content\/uploads\/2021\/03\/Logo-cilab.png\",\"width\":99,\"height\":100,\"caption\":\"CILAB\"},\"image\":{\"@id\":\"https:\/\/www.aikido-ffab-ra.org\/#\/schema\/logo\/image\/\"}}]}<\/script>\n<!-- \/ Yoast SEO plugin. -->","yoast_head_json":{"title":"L'A\u00efkido - CILAB","description":"Nobuyoshi TAMURA ShihanNobuyoshi TAMURAn\u00e9 le 2 mars 1933 \u00e0 Osaka.Il d\u00e9bute la pratique du Judo et surtout du Kendo au coll\u00e8ge, sous la direction d\u2019un ami","robots":{"index":"index","follow":"follow","max-snippet":"max-snippet:-1","max-image-preview":"max-image-preview:large","max-video-preview":"max-video-preview:-1"},"canonical":"https:\/\/www.aikido-ffab-ra.org\/?page_id=11","og_locale":"fr_FR","og_type":"article","og_title":"L'A\u00efkido - CILAB","og_description":"Nobuyoshi TAMURA ShihanNobuyoshi TAMURAn\u00e9 le 2 mars 1933 \u00e0 Osaka.Il d\u00e9bute la pratique du Judo et surtout du Kendo au coll\u00e8ge, sous la direction d\u2019un ami","og_url":"https:\/\/www.aikido-ffab-ra.org\/?page_id=11","og_site_name":"CILAB","article_publisher":"https:\/\/www.facebook.com\/aikido.cilab.7","article_modified_time":"2025-03-10T14:32:21+00:00","og_image":[{"width":204,"height":141,"url":"https:\/\/www.aikido-ffab-ra.org\/wp-content\/uploads\/2014\/08\/arton6.jpg","type":"image\/jpeg"}],"twitter_card":"summary_large_image","twitter_misc":{"Dur\u00e9e de lecture estim\u00e9e":"4 minutes"},"schema":{"@context":"https:\/\/schema.org","@graph":[{"@type":"WebPage","@id":"https:\/\/www.aikido-ffab-ra.org\/?page_id=11","url":"https:\/\/www.aikido-ffab-ra.org\/?page_id=11","name":"L'A\u00efkido - CILAB","isPartOf":{"@id":"https:\/\/www.aikido-ffab-ra.org\/#website"},"datePublished":"2014-08-24T18:13:33+00:00","dateModified":"2025-03-10T14:32:21+00:00","description":"Nobuyoshi TAMURA ShihanNobuyoshi TAMURAn\u00e9 le 2 mars 1933 \u00e0 Osaka.Il d\u00e9bute la pratique du Judo et surtout du Kendo au coll\u00e8ge, sous la direction d\u2019un ami","breadcrumb":{"@id":"https:\/\/www.aikido-ffab-ra.org\/?page_id=11#breadcrumb"},"inLanguage":"fr-FR","potentialAction":[{"@type":"ReadAction","target":["https:\/\/www.aikido-ffab-ra.org\/?page_id=11"]}]},{"@type":"BreadcrumbList","@id":"https:\/\/www.aikido-ffab-ra.org\/?page_id=11#breadcrumb","itemListElement":[{"@type":"ListItem","position":1,"name":"Accueil","item":"https:\/\/www.aikido-ffab-ra.org\/"},{"@type":"ListItem","position":2,"name":"L&rsquo;A\u00efkido"}]},{"@type":"WebSite","@id":"https:\/\/www.aikido-ffab-ra.org\/#website","url":"https:\/\/www.aikido-ffab-ra.org\/","name":"CILAB","description":"","publisher":{"@id":"https:\/\/www.aikido-ffab-ra.org\/#organization"},"potentialAction":[{"@type":"SearchAction","target":{"@type":"EntryPoint","urlTemplate":"https:\/\/www.aikido-ffab-ra.org\/?s={search_term_string}"},"query-input":"required name=search_term_string"}],"inLanguage":"fr-FR"},{"@type":"Organization","@id":"https:\/\/www.aikido-ffab-ra.org\/#organization","name":"CILAB","url":"https:\/\/www.aikido-ffab-ra.org\/","sameAs":["https:\/\/www.instagram.com\/cilab.aikido\/","https:\/\/www.youtube.com\/channel\/UCt35Eapug9SYepppTidRLbA?app=desktop","https:\/\/www.facebook.com\/aikido.cilab.7"],"logo":{"@type":"ImageObject","inLanguage":"fr-FR","@id":"https:\/\/www.aikido-ffab-ra.org\/#\/schema\/logo\/image\/","url":"https:\/\/www.aikido-ffab-ra.org\/wp-content\/uploads\/2021\/03\/Logo-cilab.png","contentUrl":"https:\/\/www.aikido-ffab-ra.org\/wp-content\/uploads\/2021\/03\/Logo-cilab.png","width":99,"height":100,"caption":"CILAB"},"image":{"@id":"https:\/\/www.aikido-ffab-ra.org\/#\/schema\/logo\/image\/"}}]}},"_links":{"self":[{"href":"https:\/\/www.aikido-ffab-ra.org\/index.php?rest_route=\/wp\/v2\/pages\/11","targetHints":{"allow":["GET"]}}],"collection":[{"href":"https:\/\/www.aikido-ffab-ra.org\/index.php?rest_route=\/wp\/v2\/pages"}],"about":[{"href":"https:\/\/www.aikido-ffab-ra.org\/index.php?rest_route=\/wp\/v2\/types\/page"}],"author":[{"embeddable":true,"href":"https:\/\/www.aikido-ffab-ra.org\/index.php?rest_route=\/wp\/v2\/users\/3"}],"replies":[{"embeddable":true,"href":"https:\/\/www.aikido-ffab-ra.org\/index.php?rest_route=%2Fwp%2Fv2%2Fcomments&post=11"}],"version-history":[{"count":60,"href":"https:\/\/www.aikido-ffab-ra.org\/index.php?rest_route=\/wp\/v2\/pages\/11\/revisions"}],"predecessor-version":[{"id":4543,"href":"https:\/\/www.aikido-ffab-ra.org\/index.php?rest_route=\/wp\/v2\/pages\/11\/revisions\/4543"}],"wp:featuredmedia":[{"embeddable":true,"href":"https:\/\/www.aikido-ffab-ra.org\/index.php?rest_route=\/wp\/v2\/media\/10"}],"wp:attachment":[{"href":"https:\/\/www.aikido-ffab-ra.org\/index.php?rest_route=%2Fwp%2Fv2%2Fmedia&parent=11"}],"curies":[{"name":"wp","href":"https:\/\/api.w.org\/{rel}","templated":true}]}}