{"id":379,"date":"2013-04-12T00:00:00","date_gmt":"2013-04-11T22:00:00","guid":{"rendered":"http:\/\/www.aikido-ffab-ra.org\/2013\/04\/12\/seseragi-n-52-le-journal-de-la-ffab\/"},"modified":"2022-09-23T22:32:45","modified_gmt":"2022-09-23T20:32:45","slug":"seseragi-n-52-le-journal-de-la-ffab","status":"publish","type":"page","link":"https:\/\/www.aikido-ffab-ra.org\/?page_id=379","title":{"rendered":"Les Bulletins du CILAB"},"content":{"rendered":"\t\t<div data-elementor-type=\"wp-page\" data-elementor-id=\"379\" class=\"elementor elementor-379\">\n\t\t\t\t\t\t\t\t\t<section class=\"elementor-section elementor-top-section elementor-element elementor-element-84bf760 elementor-section-boxed elementor-section-height-default elementor-section-height-default\" data-id=\"84bf760\" data-element_type=\"section\">\n\t\t\t\t\t\t<div class=\"elementor-container elementor-column-gap-default\">\n\t\t\t\t\t<div class=\"elementor-column elementor-col-100 elementor-top-column elementor-element elementor-element-e49fad9\" data-id=\"e49fad9\" data-element_type=\"column\">\n\t\t\t<div class=\"elementor-widget-wrap elementor-element-populated\">\n\t\t\t\t\t\t\t\t<div class=\"elementor-element elementor-element-23438a3 elementor-widget elementor-widget-text-editor\" data-id=\"23438a3\" data-element_type=\"widget\" data-widget_type=\"text-editor.default\">\n\t\t\t\t<div class=\"elementor-widget-container\">\n\t\t\t\t\t\t\t<p>Retrouvez les Bulletins du CILAB.<\/p>\t\t\t\t\t\t<\/div>\n\t\t\t\t<\/div>\n\t\t\t\t\t<\/div>\n\t\t<\/div>\n\t\t\t\t\t\t\t<\/div>\n\t\t<\/section>\n\t\t\t\t<section class=\"elementor-section elementor-top-section elementor-element elementor-element-5b5823ed elementor-section-boxed elementor-section-height-default elementor-section-height-default\" data-id=\"5b5823ed\" data-element_type=\"section\">\n\t\t\t\t\t\t<div class=\"elementor-container elementor-column-gap-default\">\n\t\t\t\t\t<div class=\"elementor-column elementor-col-50 elementor-top-column elementor-element elementor-element-4d25e5cf\" data-id=\"4d25e5cf\" data-element_type=\"column\">\n\t\t\t<div class=\"elementor-widget-wrap elementor-element-populated\">\n\t\t\t\t\t\t\t\t<div class=\"elementor-element elementor-element-6461b4d elementor-widget elementor-widget-image\" data-id=\"6461b4d\" data-element_type=\"widget\" data-widget_type=\"image.default\">\n\t\t\t\t<div class=\"elementor-widget-container\">\n\t\t\t\t\t\t\t\t\t\t\t\t\t\t\t\t<a href=\"https:\/\/www.aikido-ffab-ra.org\/wp-content\/uploads\/actualites\/seseragi-n-52-le-journal-de-la-ffab\/Bulletin-CILAB-2017-2018.jpg\">\n\t\t\t\t\t\t\t<img loading=\"lazy\" decoding=\"async\" width=\"450\" height=\"645\" src=\"https:\/\/www.aikido-ffab-ra.org\/wp-content\/uploads\/actualites\/seseragi-n-52-le-journal-de-la-ffab\/Bulletin-CILAB-2017-2018-450x645.jpg\" class=\"attachment-medium size-medium\" alt=\"Bulletin-CILAB-2017-2018\" srcset=\"https:\/\/www.aikido-ffab-ra.org\/wp-content\/uploads\/actualites\/seseragi-n-52-le-journal-de-la-ffab\/Bulletin-CILAB-2017-2018-450x645.jpg 450w, https:\/\/www.aikido-ffab-ra.org\/wp-content\/uploads\/actualites\/seseragi-n-52-le-journal-de-la-ffab\/Bulletin-CILAB-2017-2018.jpg 558w\" sizes=\"auto, (max-width: 450px) 100vw, 450px\" \/>\t\t\t\t\t\t\t\t<\/a>\n\t\t\t\t\t\t\t\t\t\t\t\t\t\t\t<\/div>\n\t\t\t\t<\/div>\n\t\t\t\t\t<\/div>\n\t\t<\/div>\n\t\t\t\t<div class=\"elementor-column elementor-col-50 elementor-top-column elementor-element elementor-element-c0ca464\" data-id=\"c0ca464\" data-element_type=\"column\">\n\t\t\t<div class=\"elementor-widget-wrap elementor-element-populated\">\n\t\t\t\t\t\t\t\t<div class=\"elementor-element elementor-element-3c2c1bd3 elementor-widget elementor-widget-text-editor\" data-id=\"3c2c1bd3\" data-element_type=\"widget\" data-widget_type=\"text-editor.default\">\n\t\t\t\t<div class=\"elementor-widget-container\">\n\t\t\t\t\t\t\t<h2>Bulletins du CILAB 2017- 2018<\/h2><div class=\"page\" title=\"Page 2\"><div class=\"layoutArea\"><div class=\"column\"><p>Au sommaire :<\/p><ul><li>L\u2019e\u0301dito du Pre\u0301sident<\/li><li>Un peu d\u2019histoire<\/li><li>Dossier spe\u0301cial jeunes (conseils, avis, retours d\u2019expe\u0301rience)<\/li><li>Les activite\u0301s de la commission jeunes.<\/li><li>Un nouveau logo pour la commission<\/li><li>jeunes ?.<\/li><li>Quelques souvenirs des stages adultes<\/li><li>Re\u0301trospective de la commission se\u0301niors.<\/li><li>Re\u0301sultats des passages de grades Dan.<\/li><li>Re\u0301sultats du Brevet Fe\u0301de\u0301ral<\/li><li>Le RGPD qu\u2019e\u0300s aquo ?<\/li><li>Communication et stages prive\u0301s<\/li><li>A vos commandes<\/li><li>Retrouvez vos contacts<\/li><li>Calendrier pre\u0301visionnel 2018\/2019<\/li><\/ul><\/div><\/div><\/div><p>\u00a0<\/p>\t\t\t\t\t\t<\/div>\n\t\t\t\t<\/div>\n\t\t\t\t<div class=\"elementor-element elementor-element-e7ba603 elementor-align-center elementor-widget elementor-widget-button\" data-id=\"e7ba603\" data-element_type=\"widget\" data-widget_type=\"button.default\">\n\t\t\t\t<div class=\"elementor-widget-container\">\n\t\t\t\t\t<div class=\"elementor-button-wrapper\">\n\t\t\t<a href=\"https:\/\/www.aikido-ffab-ra.org\/wp-content\/uploads\/actualites\/seseragi-n-52-le-journal-de-la-ffab\/Bulletin-CILAB-2017-2018.pdf\" target=\"_blank\" class=\"elementor-button-link elementor-button elementor-size-sm\" role=\"button\">\n\t\t\t\t\t\t<span class=\"elementor-button-content-wrapper\">\n\t\t\t\t\t\t<span class=\"elementor-button-text\">T\u00e9l\u00e9chargez le Bulletin au format pdf<\/span>\n\t\t<\/span>\n\t\t\t\t\t<\/a>\n\t\t<\/div>\n\t\t\t\t<\/div>\n\t\t\t\t<\/div>\n\t\t\t\t\t<\/div>\n\t\t<\/div>\n\t\t\t\t\t\t\t<\/div>\n\t\t<\/section>\n\t\t\t\t<section class=\"elementor-section elementor-top-section elementor-element elementor-element-9baa98e elementor-section-boxed elementor-section-height-default elementor-section-height-default\" data-id=\"9baa98e\" data-element_type=\"section\">\n\t\t\t\t\t\t<div class=\"elementor-container elementor-column-gap-default\">\n\t\t\t\t\t<div class=\"elementor-column elementor-col-50 elementor-top-column elementor-element elementor-element-80ee600\" data-id=\"80ee600\" data-element_type=\"column\">\n\t\t\t<div class=\"elementor-widget-wrap elementor-element-populated\">\n\t\t\t\t\t\t\t\t<div class=\"elementor-element elementor-element-7b606a3 elementor-widget elementor-widget-image\" data-id=\"7b606a3\" data-element_type=\"widget\" data-widget_type=\"image.default\">\n\t\t\t\t<div class=\"elementor-widget-container\">\n\t\t\t\t\t\t\t\t\t\t\t\t\t\t\t\t<a href=\"https:\/\/www.aikido-ffab-ra.org\/wp-content\/uploads\/actualites\/seseragi-n-52-le-journal-de-la-ffab\/Bulletin-CILAB-2012-2013.jpg\">\n\t\t\t\t\t\t\t<img loading=\"lazy\" decoding=\"async\" width=\"450\" height=\"647\" src=\"https:\/\/www.aikido-ffab-ra.org\/wp-content\/uploads\/actualites\/seseragi-n-52-le-journal-de-la-ffab\/Bulletin-CILAB-2012-2013-450x647.jpg\" class=\"attachment-medium size-medium\" alt=\"\" srcset=\"https:\/\/www.aikido-ffab-ra.org\/wp-content\/uploads\/actualites\/seseragi-n-52-le-journal-de-la-ffab\/Bulletin-CILAB-2012-2013-450x647.jpg 450w, https:\/\/www.aikido-ffab-ra.org\/wp-content\/uploads\/actualites\/seseragi-n-52-le-journal-de-la-ffab\/Bulletin-CILAB-2012-2013.jpg 556w\" sizes=\"auto, (max-width: 450px) 100vw, 450px\" \/>\t\t\t\t\t\t\t\t<\/a>\n\t\t\t\t\t\t\t\t\t\t\t\t\t\t\t<\/div>\n\t\t\t\t<\/div>\n\t\t\t\t\t<\/div>\n\t\t<\/div>\n\t\t\t\t<div class=\"elementor-column elementor-col-50 elementor-top-column elementor-element elementor-element-fbe7b51\" data-id=\"fbe7b51\" data-element_type=\"column\">\n\t\t\t<div class=\"elementor-widget-wrap elementor-element-populated\">\n\t\t\t\t\t\t\t\t<div class=\"elementor-element elementor-element-58d61d2 elementor-widget elementor-widget-text-editor\" data-id=\"58d61d2\" data-element_type=\"widget\" data-widget_type=\"text-editor.default\">\n\t\t\t\t<div class=\"elementor-widget-container\">\n\t\t\t\t\t\t\t<h2>Bulletins du CILAB <br \/>(LLAB) 2012- 2013<\/h2><p>Au sommaire :<\/p><ul><li>Comite\u0301 Directeur LLAB<\/li><li>Les clubs de la Ligue<\/li><li>Les re\u0301sultats d&rsquo;examens<\/li><li>Ecole des Cadres<\/li><li>Commission Jeunes<\/li><li>Commission Seniors<\/li><li>Brevet Fe\u0301de\u0301ral<\/li><li>Les Stages<\/li><li>Hommages<\/li><li>Les clubs s&rsquo;expriment<\/li><li>Informations pratiques<\/li><\/ul>\t\t\t\t\t\t<\/div>\n\t\t\t\t<\/div>\n\t\t\t\t<div class=\"elementor-element elementor-element-c973e5f elementor-align-center elementor-widget elementor-widget-button\" data-id=\"c973e5f\" data-element_type=\"widget\" data-widget_type=\"button.default\">\n\t\t\t\t<div class=\"elementor-widget-container\">\n\t\t\t\t\t<div class=\"elementor-button-wrapper\">\n\t\t\t<a href=\"https:\/\/www.aikido-ffab-ra.org\/wp-content\/uploads\/actualites\/seseragi-n-52-le-journal-de-la-ffab\/Bulletin-LLAB-2012-2013.pdf\" target=\"_blank\" class=\"elementor-button-link elementor-button elementor-size-sm\" role=\"button\">\n\t\t\t\t\t\t<span class=\"elementor-button-content-wrapper\">\n\t\t\t\t\t\t<span class=\"elementor-button-text\">T\u00e9l\u00e9chargez le Bulletin au format pdf<\/span>\n\t\t<\/span>\n\t\t\t\t\t<\/a>\n\t\t<\/div>\n\t\t\t\t<\/div>\n\t\t\t\t<\/div>\n\t\t\t\t\t<\/div>\n\t\t<\/div>\n\t\t\t\t\t\t\t<\/div>\n\t\t<\/section>\n\t\t\t\t<section class=\"elementor-section elementor-top-section elementor-element elementor-element-cd5e1d1 elementor-section-boxed elementor-section-height-default elementor-section-height-default\" data-id=\"cd5e1d1\" data-element_type=\"section\">\n\t\t\t\t\t\t<div class=\"elementor-container elementor-column-gap-default\">\n\t\t\t\t\t<div class=\"elementor-column elementor-col-100 elementor-top-column elementor-element elementor-element-fed35d1\" data-id=\"fed35d1\" data-element_type=\"column\">\n\t\t\t<div class=\"elementor-widget-wrap elementor-element-populated\">\n\t\t\t\t\t\t\t\t<div class=\"elementor-element elementor-element-ad279c1 elementor-widget-divider--view-line elementor-widget elementor-widget-divider\" data-id=\"ad279c1\" data-element_type=\"widget\" data-widget_type=\"divider.default\">\n\t\t\t\t<div class=\"elementor-widget-container\">\n\t\t\t\t\t<div class=\"elementor-divider\">\n\t\t\t<span class=\"elementor-divider-separator\">\n\t\t\t\t\t\t<\/span>\n\t\t<\/div>\n\t\t\t\t<\/div>\n\t\t\t\t<\/div>\n\t\t\t\t<div class=\"elementor-element elementor-element-a891c06 elementor-widget elementor-widget-text-editor\" data-id=\"a891c06\" data-element_type=\"widget\" data-widget_type=\"text-editor.default\">\n\t\t\t\t<div class=\"elementor-widget-container\">\n\t\t\t\t\t\t\t<h3>Retrouvez les Num\u00e9ros du magazine officiel de la FFAB.<\/h3>\t\t\t\t\t\t<\/div>\n\t\t\t\t<\/div>\n\t\t\t\t\t<\/div>\n\t\t<\/div>\n\t\t\t\t\t\t\t<\/div>\n\t\t<\/section>\n\t\t\t\t<section class=\"elementor-section elementor-top-section elementor-element elementor-element-e528097 elementor-section-boxed elementor-section-height-default elementor-section-height-default\" data-id=\"e528097\" data-element_type=\"section\">\n\t\t\t\t\t\t<div class=\"elementor-container elementor-column-gap-default\">\n\t\t\t\t\t<div class=\"elementor-column elementor-col-50 elementor-top-column elementor-element elementor-element-9abbb45\" data-id=\"9abbb45\" data-element_type=\"column\">\n\t\t\t<div class=\"elementor-widget-wrap elementor-element-populated\">\n\t\t\t\t\t\t\t\t<div class=\"elementor-element elementor-element-f45ba3c elementor-widget elementor-widget-image\" data-id=\"f45ba3c\" data-element_type=\"widget\" data-widget_type=\"image.default\">\n\t\t\t\t<div class=\"elementor-widget-container\">\n\t\t\t\t\t\t\t\t\t\t\t\t\t\t\t\t<a href=\"https:\/\/www.aikido-ffab-ra.org\/wp-content\/uploads\/actualites\/seseragi-n-52-le-journal-de-la-ffab\/Seseragi-N-52.jpg\">\n\t\t\t\t\t\t\t<img loading=\"lazy\" decoding=\"async\" width=\"450\" height=\"636\" src=\"https:\/\/www.aikido-ffab-ra.org\/wp-content\/uploads\/actualites\/seseragi-n-52-le-journal-de-la-ffab\/Seseragi-N-52-450x636.jpg\" class=\"attachment-medium size-medium\" alt=\"Seseragi-N-52\" srcset=\"https:\/\/www.aikido-ffab-ra.org\/wp-content\/uploads\/actualites\/seseragi-n-52-le-journal-de-la-ffab\/Seseragi-N-52-450x636.jpg 450w, https:\/\/www.aikido-ffab-ra.org\/wp-content\/uploads\/actualites\/seseragi-n-52-le-journal-de-la-ffab\/Seseragi-N-52.jpg 566w\" sizes=\"auto, (max-width: 450px) 100vw, 450px\" \/>\t\t\t\t\t\t\t\t<\/a>\n\t\t\t\t\t\t\t\t\t\t\t\t\t\t\t<\/div>\n\t\t\t\t<\/div>\n\t\t\t\t\t<\/div>\n\t\t<\/div>\n\t\t\t\t<div class=\"elementor-column elementor-col-50 elementor-top-column elementor-element elementor-element-3f5c1b6\" data-id=\"3f5c1b6\" data-element_type=\"column\">\n\t\t\t<div class=\"elementor-widget-wrap elementor-element-populated\">\n\t\t\t\t\t\t\t\t<div class=\"elementor-element elementor-element-60b75e9 elementor-widget elementor-widget-text-editor\" data-id=\"60b75e9\" data-element_type=\"widget\" data-widget_type=\"text-editor.default\">\n\t\t\t\t<div class=\"elementor-widget-container\">\n\t\t\t\t\t\t\t<h2>SESERAGI N\u00b0 52 <br \/>LE JOURNAL DE LA FFAB<\/h2><p>R\u00e9alis\u00e9 en collaboration avec le journal Shumeikan de l&rsquo;ENA<br \/>LE JOURNAL DE LA FFAB<\/p><p><strong>Mars 2013<\/strong><br \/>Ce num\u00e9ro fait en collaboration avec le journal Shumeikan de l&rsquo;Ecole Nationale d&rsquo;A\u00efkido est un num\u00e9ro sp\u00e9cial r\u00e9alis\u00e9 pour la journ\u00e9e hommage en m\u00e9moire de <strong>TAMURA Sense\u00ef qui aurait f\u00eat\u00e9 ce 2 mars 2013 ses 80 ans<\/strong>.<br \/>Au sommaire :<br \/>&#8211; <strong>Ma\u00eetre TAMURA Nobuyoshi<\/strong>. Une vie, une voie, une oeuvre (Artcile extrait du Hors S\u00e9rie A\u00cfKIDO publi\u00e9 par le magazine ENERGIES en mai 2011).<br \/>&#8211; L&rsquo;h\u00e9ritage de Ma\u00eetre TAMURA<br \/>&#8211; T\u00e9moignages de sempa\u00ef<br \/>&#8211; A\u00efkido, l&rsquo;essence et la forme<br \/>&#8211; In memoriam : Jean-Luc FONTAINE, Bernard GEORGE-BATIER<\/p><p>Ce journal est distribu\u00e9 gratuitement dans tous les clubs affili\u00e9s \u00e0 la FFAB.<br \/>Il est disponible ici en t\u00e9l\u00e9chargement sur le site FFAB <a href=\"http:\/\/www.ffabaikido.fr\/fr\/aikido_ffab.php?id_page=124\" target=\"_blank\" rel=\"noopener\">http:\/\/www.ffabaikido.fr\/fr\/aikido_ffab.php?id_page=124<\/a>.<\/p>\t\t\t\t\t\t<\/div>\n\t\t\t\t<\/div>\n\t\t\t\t\t<\/div>\n\t\t<\/div>\n\t\t\t\t\t\t\t<\/div>\n\t\t<\/section>\n\t\t\t\t\t\t\t<\/div>\n\t\t","protected":false},"excerpt":{"rendered":"<p>Retrouvez les Bulletins du CILAB. Bulletins du CILAB 2017- 2018 Au sommaire : L\u2019e\u0301dito du Pre\u0301sident Un peu d\u2019histoire Dossier spe\u0301cial jeunes (conseils, avis, retours d\u2019expe\u0301rience) Les activite\u0301s de la commission jeunes. Un nouveau logo pour la commission jeunes ?. Quelques souvenirs des stages adultes Re\u0301trospective de la commission se\u0301niors. Re\u0301sultats des passages de grades [&hellip;]<\/p>\n","protected":false},"author":3,"featured_media":378,"parent":0,"menu_order":4,"comment_status":"closed","ping_status":"closed","template":"","meta":{"footnotes":""},"class_list":["post-379","page","type-page","status-publish","has-post-thumbnail","hentry","entry","has-media"],"yoast_head":"<!-- This site is optimized with the Yoast SEO plugin v19.7.1 - https:\/\/yoast.com\/wordpress\/plugins\/seo\/ -->\n<title>Les Bulletins du CILAB - CILAB<\/title>\n<meta name=\"description\" content=\"Retrouvez les Bulletins du CILAB. Bulletins du CILAB 2017- 2018Au sommaire :L\u2019e\u0301dito du Pre\u0301sidentUn peu d\u2019histoireDossier spe\u0301cial jeunes (conseils,\" \/>\n<meta name=\"robots\" content=\"index, follow, max-snippet:-1, max-image-preview:large, max-video-preview:-1\" \/>\n<link rel=\"canonical\" href=\"https:\/\/www.aikido-ffab-ra.org\/?page_id=379\" \/>\n<meta property=\"og:locale\" content=\"fr_FR\" \/>\n<meta property=\"og:type\" content=\"article\" \/>\n<meta property=\"og:title\" content=\"Les Bulletins du CILAB - CILAB\" \/>\n<meta property=\"og:description\" content=\"Retrouvez les Bulletins du CILAB. Bulletins du CILAB 2017- 2018Au sommaire :L\u2019e\u0301dito du Pre\u0301sidentUn peu d\u2019histoireDossier spe\u0301cial jeunes (conseils,\" \/>\n<meta property=\"og:url\" content=\"https:\/\/www.aikido-ffab-ra.org\/?page_id=379\" \/>\n<meta property=\"og:site_name\" content=\"CILAB\" \/>\n<meta property=\"article:publisher\" content=\"https:\/\/www.facebook.com\/aikido.cilab.7\" \/>\n<meta property=\"article:modified_time\" content=\"2022-09-23T20:32:45+00:00\" \/>\n<meta property=\"og:image\" content=\"https:\/\/www.aikido-ffab-ra.org\/wp-content\/uploads\/2013\/04\/arton46.jpg\" \/>\n\t<meta property=\"og:image:width\" content=\"566\" \/>\n\t<meta property=\"og:image:height\" content=\"800\" \/>\n\t<meta property=\"og:image:type\" content=\"image\/jpeg\" \/>\n<meta name=\"twitter:card\" content=\"summary_large_image\" \/>\n<meta name=\"twitter:label1\" content=\"Dur\u00e9e de lecture estim\u00e9e\" \/>\n\t<meta name=\"twitter:data1\" content=\"2 minutes\" \/>\n<script type=\"application\/ld+json\" class=\"yoast-schema-graph\">{\"@context\":\"https:\/\/schema.org\",\"@graph\":[{\"@type\":\"WebPage\",\"@id\":\"https:\/\/www.aikido-ffab-ra.org\/?page_id=379\",\"url\":\"https:\/\/www.aikido-ffab-ra.org\/?page_id=379\",\"name\":\"Les Bulletins du CILAB - CILAB\",\"isPartOf\":{\"@id\":\"https:\/\/www.aikido-ffab-ra.org\/#website\"},\"datePublished\":\"2013-04-11T22:00:00+00:00\",\"dateModified\":\"2022-09-23T20:32:45+00:00\",\"description\":\"Retrouvez les Bulletins du CILAB. Bulletins du CILAB 2017- 2018Au sommaire :L\u2019e\u0301dito du Pre\u0301sidentUn peu d\u2019histoireDossier spe\u0301cial jeunes (conseils,\",\"breadcrumb\":{\"@id\":\"https:\/\/www.aikido-ffab-ra.org\/?page_id=379#breadcrumb\"},\"inLanguage\":\"fr-FR\",\"potentialAction\":[{\"@type\":\"ReadAction\",\"target\":[\"https:\/\/www.aikido-ffab-ra.org\/?page_id=379\"]}]},{\"@type\":\"BreadcrumbList\",\"@id\":\"https:\/\/www.aikido-ffab-ra.org\/?page_id=379#breadcrumb\",\"itemListElement\":[{\"@type\":\"ListItem\",\"position\":1,\"name\":\"Accueil\",\"item\":\"https:\/\/www.aikido-ffab-ra.org\/\"},{\"@type\":\"ListItem\",\"position\":2,\"name\":\"Les Bulletins du CILAB\"}]},{\"@type\":\"WebSite\",\"@id\":\"https:\/\/www.aikido-ffab-ra.org\/#website\",\"url\":\"https:\/\/www.aikido-ffab-ra.org\/\",\"name\":\"CILAB\",\"description\":\"\",\"publisher\":{\"@id\":\"https:\/\/www.aikido-ffab-ra.org\/#organization\"},\"potentialAction\":[{\"@type\":\"SearchAction\",\"target\":{\"@type\":\"EntryPoint\",\"urlTemplate\":\"https:\/\/www.aikido-ffab-ra.org\/?s={search_term_string}\"},\"query-input\":\"required name=search_term_string\"}],\"inLanguage\":\"fr-FR\"},{\"@type\":\"Organization\",\"@id\":\"https:\/\/www.aikido-ffab-ra.org\/#organization\",\"name\":\"CILAB\",\"url\":\"https:\/\/www.aikido-ffab-ra.org\/\",\"sameAs\":[\"https:\/\/www.instagram.com\/cilab.aikido\/\",\"https:\/\/www.youtube.com\/channel\/UCt35Eapug9SYepppTidRLbA?app=desktop\",\"https:\/\/www.facebook.com\/aikido.cilab.7\"],\"logo\":{\"@type\":\"ImageObject\",\"inLanguage\":\"fr-FR\",\"@id\":\"https:\/\/www.aikido-ffab-ra.org\/#\/schema\/logo\/image\/\",\"url\":\"https:\/\/www.aikido-ffab-ra.org\/wp-content\/uploads\/2021\/03\/Logo-cilab.png\",\"contentUrl\":\"https:\/\/www.aikido-ffab-ra.org\/wp-content\/uploads\/2021\/03\/Logo-cilab.png\",\"width\":99,\"height\":100,\"caption\":\"CILAB\"},\"image\":{\"@id\":\"https:\/\/www.aikido-ffab-ra.org\/#\/schema\/logo\/image\/\"}}]}<\/script>\n<!-- \/ Yoast SEO plugin. -->","yoast_head_json":{"title":"Les Bulletins du CILAB - CILAB","description":"Retrouvez les Bulletins du CILAB. Bulletins du CILAB 2017- 2018Au sommaire :L\u2019e\u0301dito du Pre\u0301sidentUn peu d\u2019histoireDossier spe\u0301cial jeunes (conseils,","robots":{"index":"index","follow":"follow","max-snippet":"max-snippet:-1","max-image-preview":"max-image-preview:large","max-video-preview":"max-video-preview:-1"},"canonical":"https:\/\/www.aikido-ffab-ra.org\/?page_id=379","og_locale":"fr_FR","og_type":"article","og_title":"Les Bulletins du CILAB - CILAB","og_description":"Retrouvez les Bulletins du CILAB. Bulletins du CILAB 2017- 2018Au sommaire :L\u2019e\u0301dito du Pre\u0301sidentUn peu d\u2019histoireDossier spe\u0301cial jeunes (conseils,","og_url":"https:\/\/www.aikido-ffab-ra.org\/?page_id=379","og_site_name":"CILAB","article_publisher":"https:\/\/www.facebook.com\/aikido.cilab.7","article_modified_time":"2022-09-23T20:32:45+00:00","og_image":[{"width":566,"height":800,"url":"https:\/\/www.aikido-ffab-ra.org\/wp-content\/uploads\/2013\/04\/arton46.jpg","type":"image\/jpeg"}],"twitter_card":"summary_large_image","twitter_misc":{"Dur\u00e9e de lecture estim\u00e9e":"2 minutes"},"schema":{"@context":"https:\/\/schema.org","@graph":[{"@type":"WebPage","@id":"https:\/\/www.aikido-ffab-ra.org\/?page_id=379","url":"https:\/\/www.aikido-ffab-ra.org\/?page_id=379","name":"Les Bulletins du CILAB - CILAB","isPartOf":{"@id":"https:\/\/www.aikido-ffab-ra.org\/#website"},"datePublished":"2013-04-11T22:00:00+00:00","dateModified":"2022-09-23T20:32:45+00:00","description":"Retrouvez les Bulletins du CILAB. Bulletins du CILAB 2017- 2018Au sommaire :L\u2019e\u0301dito du Pre\u0301sidentUn peu d\u2019histoireDossier spe\u0301cial jeunes (conseils,","breadcrumb":{"@id":"https:\/\/www.aikido-ffab-ra.org\/?page_id=379#breadcrumb"},"inLanguage":"fr-FR","potentialAction":[{"@type":"ReadAction","target":["https:\/\/www.aikido-ffab-ra.org\/?page_id=379"]}]},{"@type":"BreadcrumbList","@id":"https:\/\/www.aikido-ffab-ra.org\/?page_id=379#breadcrumb","itemListElement":[{"@type":"ListItem","position":1,"name":"Accueil","item":"https:\/\/www.aikido-ffab-ra.org\/"},{"@type":"ListItem","position":2,"name":"Les Bulletins du CILAB"}]},{"@type":"WebSite","@id":"https:\/\/www.aikido-ffab-ra.org\/#website","url":"https:\/\/www.aikido-ffab-ra.org\/","name":"CILAB","description":"","publisher":{"@id":"https:\/\/www.aikido-ffab-ra.org\/#organization"},"potentialAction":[{"@type":"SearchAction","target":{"@type":"EntryPoint","urlTemplate":"https:\/\/www.aikido-ffab-ra.org\/?s={search_term_string}"},"query-input":"required name=search_term_string"}],"inLanguage":"fr-FR"},{"@type":"Organization","@id":"https:\/\/www.aikido-ffab-ra.org\/#organization","name":"CILAB","url":"https:\/\/www.aikido-ffab-ra.org\/","sameAs":["https:\/\/www.instagram.com\/cilab.aikido\/","https:\/\/www.youtube.com\/channel\/UCt35Eapug9SYepppTidRLbA?app=desktop","https:\/\/www.facebook.com\/aikido.cilab.7"],"logo":{"@type":"ImageObject","inLanguage":"fr-FR","@id":"https:\/\/www.aikido-ffab-ra.org\/#\/schema\/logo\/image\/","url":"https:\/\/www.aikido-ffab-ra.org\/wp-content\/uploads\/2021\/03\/Logo-cilab.png","contentUrl":"https:\/\/www.aikido-ffab-ra.org\/wp-content\/uploads\/2021\/03\/Logo-cilab.png","width":99,"height":100,"caption":"CILAB"},"image":{"@id":"https:\/\/www.aikido-ffab-ra.org\/#\/schema\/logo\/image\/"}}]}},"_links":{"self":[{"href":"https:\/\/www.aikido-ffab-ra.org\/index.php?rest_route=\/wp\/v2\/pages\/379","targetHints":{"allow":["GET"]}}],"collection":[{"href":"https:\/\/www.aikido-ffab-ra.org\/index.php?rest_route=\/wp\/v2\/pages"}],"about":[{"href":"https:\/\/www.aikido-ffab-ra.org\/index.php?rest_route=\/wp\/v2\/types\/page"}],"author":[{"embeddable":true,"href":"https:\/\/www.aikido-ffab-ra.org\/index.php?rest_route=\/wp\/v2\/users\/3"}],"replies":[{"embeddable":true,"href":"https:\/\/www.aikido-ffab-ra.org\/index.php?rest_route=%2Fwp%2Fv2%2Fcomments&post=379"}],"version-history":[{"count":23,"href":"https:\/\/www.aikido-ffab-ra.org\/index.php?rest_route=\/wp\/v2\/pages\/379\/revisions"}],"predecessor-version":[{"id":3871,"href":"https:\/\/www.aikido-ffab-ra.org\/index.php?rest_route=\/wp\/v2\/pages\/379\/revisions\/3871"}],"wp:featuredmedia":[{"embeddable":true,"href":"https:\/\/www.aikido-ffab-ra.org\/index.php?rest_route=\/wp\/v2\/media\/378"}],"wp:attachment":[{"href":"https:\/\/www.aikido-ffab-ra.org\/index.php?rest_route=%2Fwp%2Fv2%2Fmedia&parent=379"}],"curies":[{"name":"wp","href":"https:\/\/api.w.org\/{rel}","templated":true}]}}