{"id":430,"date":"2021-03-23T19:03:49","date_gmt":"2021-03-23T18:03:49","guid":{"rendered":"http:\/\/www.aikido-ffab-ra.org\/?page_id=430"},"modified":"2025-03-10T15:25:20","modified_gmt":"2025-03-10T14:25:20","slug":"pratiquer-laikido","status":"publish","type":"page","link":"https:\/\/www.aikido-ffab-ra.org\/?page_id=430","title":{"rendered":"Pratiquer l&rsquo;A\u00efkido"},"content":{"rendered":"\t\t<div data-elementor-type=\"wp-page\" data-elementor-id=\"430\" class=\"elementor elementor-430\">\n\t\t\t\t\t\t\t\t\t<section class=\"elementor-section elementor-top-section elementor-element elementor-element-4d66608 elementor-section-full_width elementor-section-height-min-height elementor-section-stretched elementor-section-height-default elementor-section-items-middle\" data-id=\"4d66608\" data-element_type=\"section\" data-settings=\"{&quot;stretch_section&quot;:&quot;section-stretched&quot;,&quot;background_background&quot;:&quot;classic&quot;}\">\n\t\t\t\t\t\t<div class=\"elementor-container elementor-column-gap-default\">\n\t\t\t\t\t<div class=\"elementor-column elementor-col-100 elementor-top-column elementor-element elementor-element-4f20ffc\" data-id=\"4f20ffc\" data-element_type=\"column\">\n\t\t\t<div class=\"elementor-widget-wrap\">\n\t\t\t\t\t\t\t\t\t<\/div>\n\t\t<\/div>\n\t\t\t\t\t\t\t<\/div>\n\t\t<\/section>\n\t\t\t\t<section class=\"elementor-section elementor-top-section elementor-element elementor-element-2c38afc elementor-section-boxed elementor-section-height-default elementor-section-height-default\" data-id=\"2c38afc\" data-element_type=\"section\">\n\t\t\t\t\t\t<div class=\"elementor-container elementor-column-gap-default\">\n\t\t\t\t\t<div class=\"elementor-column elementor-col-100 elementor-top-column elementor-element elementor-element-e702150\" data-id=\"e702150\" data-element_type=\"column\">\n\t\t\t<div class=\"elementor-widget-wrap elementor-element-populated\">\n\t\t\t\t\t\t\t\t<div class=\"elementor-element elementor-element-acf5540 elementor-widget elementor-widget-shortcode\" data-id=\"acf5540\" data-element_type=\"widget\" data-widget_type=\"shortcode.default\">\n\t\t\t\t<div class=\"elementor-widget-container\">\n\t\t\t\t\t<div class=\"elementor-shortcode\"><\/div>\n\t\t\t\t<\/div>\n\t\t\t\t<\/div>\n\t\t\t\t\t<\/div>\n\t\t<\/div>\n\t\t\t\t\t\t\t<\/div>\n\t\t<\/section>\n\t\t\t\t<section class=\"elementor-section elementor-top-section elementor-element elementor-element-16168a6 elementor-section-full_width elementor-section-stretched elementor-section-height-default elementor-section-height-default\" data-id=\"16168a6\" data-element_type=\"section\" data-settings=\"{&quot;stretch_section&quot;:&quot;section-stretched&quot;}\">\n\t\t\t\t\t\t<div class=\"elementor-container elementor-column-gap-default\">\n\t\t\t\t\t<div class=\"elementor-column elementor-col-50 elementor-top-column elementor-element elementor-element-b05ad3a\" data-id=\"b05ad3a\" data-element_type=\"column\">\n\t\t\t<div class=\"elementor-widget-wrap elementor-element-populated\">\n\t\t\t\t\t\t\t\t<div class=\"elementor-element elementor-element-6d7d19b elementor-widget elementor-widget-image\" data-id=\"6d7d19b\" data-element_type=\"widget\" data-widget_type=\"image.default\">\n\t\t\t\t<div class=\"elementor-widget-container\">\n\t\t\t\t\t\t\t\t\t\t\t\t\t\t\t<img loading=\"lazy\" decoding=\"async\" width=\"520\" height=\"780\" src=\"https:\/\/www.aikido-ffab-ra.org\/wp-content\/uploads\/pratiquer-laikido\/Pratiquer-Aikido-4.jpg\" class=\"attachment-large size-large\" alt=\"Pratiquer-Aikido-4\" srcset=\"https:\/\/www.aikido-ffab-ra.org\/wp-content\/uploads\/pratiquer-laikido\/Pratiquer-Aikido-4.jpg 520w, https:\/\/www.aikido-ffab-ra.org\/wp-content\/uploads\/pratiquer-laikido\/Pratiquer-Aikido-4-450x675.jpg 450w\" sizes=\"auto, (max-width: 520px) 100vw, 520px\" \/>\t\t\t\t\t\t\t\t\t\t\t\t\t\t\t<\/div>\n\t\t\t\t<\/div>\n\t\t\t\t\t<\/div>\n\t\t<\/div>\n\t\t\t\t<div class=\"elementor-column elementor-col-50 elementor-top-column elementor-element elementor-element-d27f2ae\" data-id=\"d27f2ae\" data-element_type=\"column\">\n\t\t\t<div class=\"elementor-widget-wrap elementor-element-populated\">\n\t\t\t\t\t\t\t\t<div class=\"elementor-element elementor-element-2e4a6b7 elementor-widget elementor-widget-menu-anchor\" data-id=\"2e4a6b7\" data-element_type=\"widget\" data-widget_type=\"menu-anchor.default\">\n\t\t\t\t<div class=\"elementor-widget-container\">\n\t\t\t\t\t<div id=\"Manuel\" class=\"elementor-menu-anchor\"><\/div>\n\t\t\t\t<\/div>\n\t\t\t\t<\/div>\n\t\t\t\t<div class=\"elementor-element elementor-element-4add785 elementor-widget elementor-widget-text-editor\" data-id=\"4add785\" data-element_type=\"widget\" data-widget_type=\"text-editor.default\">\n\t\t\t\t<div class=\"elementor-widget-container\">\n\t\t\t\t\t\t\t<h2>Les Fondations, Shisei, Kokyu, Kamae, Ma A\u00ef \u2026..<\/h2><p>Signification des bases<\/p><p>La discipline A\u00cfKIDO s&rsquo;inscrit dans une dimension culturelle sp\u00e9cifique qui tend \u00e0 d\u00e9velopper l&rsquo;\u00eatre humain dans toutes les dimensions de son \u00eatre. C&rsquo;est la raison pour laquelle nous devons mettre au c\u0153ur de l\u2019enseignement de l\u2019A\u00efkido les notions fondamentales transmises par TAMURA Sense\u00ef et qui font le centre m\u00eame de notre identit\u00e9.<\/p><p><a href=\"https:\/\/www.aikido-ffab-ra.org\/wp-content\/uploads\/pratiquer-laikido\/Les-Fondations_2_Light.pdf\" target=\"_blank\" rel=\"noopener\">Les Fondations<\/a><\/p><p>En t\u00e9l\u00e9chargement ci dessous : <a href=\"https:\/\/www.aikido-ffab-ra.org\/wp-content\/uploads\/2018\/02\/ffab_manuel-pratiquant-aikido_05-2018.pdf\" target=\"_blank\" rel=\"noopener\">Manuel du pratiquant FFAB<\/a><\/p><h2>La pratique n\u2019est pas limit\u00e9e au cadre du Dojo \u2026<\/h2><div>Pendant cette p\u00e9riode de crise sanitaire ou nous sommes amen\u00e9s \u00e0 pratiquer plus qu\u2019\u00e0 la normale en milieu ext\u00e9rieur,\u00a0nous vous proposons de revenir sur les valeurs et les richesses de cette m\u00e9thode de pratique pour l\u2019\u00e9tude de l\u2019A\u00efkido \u00ab\u00a0<strong>Yaga\u00ef-geiko<\/strong>\u00a0\u00bb !\u2028\u00a0\u00a0\u00a0<\/div><div>\u00a0<\/div><div>Extraits de l\u2019ouvrage Etiquette &amp; Transmission, Tamura shihan.<\/div><div><b><span style=\"font-family: LiberationSans-Bold; font-size: small;\"><strong>Pour visionner et t\u00e9l\u00e9charger\u00a0ce document <a href=\"https:\/\/www.calameo.com\/read\/002794075e4c49de765ff\" target=\"_blank\" rel=\"noopener\">cliquer ici<\/a><\/strong><\/span><\/b><\/div><div><div>\u00a0<\/div><div><strong>Le livre \u00ab\u00a0A\u00efkido &#8211; Etiquette et Transmission\u00a0de Nobuyoshi TAMURA Shihan<\/strong><\/div><div>Edit\u00e9 par les Editions du soleil levant\u00a0\u00bb est disponible aupr\u00e8s de la FFAB \/ <a href=\"https:\/\/www.ffabaikido.fr\/fr\/publications-et-outils-promotionnels-123.html\" target=\"_blank\" rel=\"noopener\">Bon de commande des publications et outils promotiels de la FFAB<\/a><\/div><\/div>\t\t\t\t\t\t<\/div>\n\t\t\t\t<\/div>\n\t\t\t\t\t<\/div>\n\t\t<\/div>\n\t\t\t\t\t\t\t<\/div>\n\t\t<\/section>\n\t\t\t\t<section class=\"elementor-section elementor-top-section elementor-element elementor-element-b4720bd elementor-section-full_width elementor-section-stretched elementor-section-height-default elementor-section-height-default\" data-id=\"b4720bd\" data-element_type=\"section\" data-settings=\"{&quot;stretch_section&quot;:&quot;section-stretched&quot;}\">\n\t\t\t\t\t\t<div class=\"elementor-container elementor-column-gap-default\">\n\t\t\t\t\t<div class=\"elementor-column elementor-col-50 elementor-top-column elementor-element elementor-element-d13277e\" data-id=\"d13277e\" data-element_type=\"column\">\n\t\t\t<div class=\"elementor-widget-wrap elementor-element-populated\">\n\t\t\t\t\t\t\t\t<div class=\"elementor-element elementor-element-54d3dac elementor-widget elementor-widget-image\" data-id=\"54d3dac\" data-element_type=\"widget\" data-widget_type=\"image.default\">\n\t\t\t\t<div class=\"elementor-widget-container\">\n\t\t\t\t\t\t\t\t\t\t\t\t\t\t\t<img loading=\"lazy\" decoding=\"async\" width=\"630\" height=\"630\" src=\"https:\/\/www.aikido-ffab-ra.org\/wp-content\/uploads\/pratiquer-laikido\/Pratiquer-Aikido-2.jpg\" class=\"attachment-large size-large\" alt=\"\" srcset=\"https:\/\/www.aikido-ffab-ra.org\/wp-content\/uploads\/pratiquer-laikido\/Pratiquer-Aikido-2.jpg 630w, https:\/\/www.aikido-ffab-ra.org\/wp-content\/uploads\/pratiquer-laikido\/Pratiquer-Aikido-2-450x450.jpg 450w, https:\/\/www.aikido-ffab-ra.org\/wp-content\/uploads\/pratiquer-laikido\/Pratiquer-Aikido-2-300x300.jpg 300w\" sizes=\"auto, (max-width: 630px) 100vw, 630px\" \/>\t\t\t\t\t\t\t\t\t\t\t\t\t\t\t<\/div>\n\t\t\t\t<\/div>\n\t\t\t\t\t<\/div>\n\t\t<\/div>\n\t\t\t\t<div class=\"elementor-column elementor-col-50 elementor-top-column elementor-element elementor-element-b6127db\" data-id=\"b6127db\" data-element_type=\"column\">\n\t\t\t<div class=\"elementor-widget-wrap elementor-element-populated\">\n\t\t\t\t\t\t\t\t<div class=\"elementor-element elementor-element-f893efb elementor-widget elementor-widget-menu-anchor\" data-id=\"f893efb\" data-element_type=\"widget\" data-widget_type=\"menu-anchor.default\">\n\t\t\t\t<div class=\"elementor-widget-container\">\n\t\t\t\t\t<div id=\"pratiquant\" class=\"elementor-menu-anchor\"><\/div>\n\t\t\t\t<\/div>\n\t\t\t\t<\/div>\n\t\t\t\t<div class=\"elementor-element elementor-element-c85d5d6 elementor-widget elementor-widget-text-editor\" data-id=\"c85d5d6\" data-element_type=\"widget\" data-widget_type=\"text-editor.default\">\n\t\t\t\t<div class=\"elementor-widget-container\">\n\t\t\t\t\t\t\t<h2>Vous \u00eates un(e) pratiquant(e) d\u2019Aikido &amp; Budo.<\/h2><p>Vous recherchez un club, un stage pour pratiquer ou des informations sur votre pratique, consulter :<\/p><ul><li><a href=\"https:\/\/www.aikido-ffab-ra.org\/?page_id=421\">Notre rubrique CLUB<\/a><\/li><li>Pour des informations g\u00e9n\u00e9rales sur les stages du CILAB : <a href=\"https:\/\/www.aikido-ffab-ra.org\/?cat=37\">rubrique STAGE<\/a><\/li><\/ul>\t\t\t\t\t\t<\/div>\n\t\t\t\t<\/div>\n\t\t\t\t\t<\/div>\n\t\t<\/div>\n\t\t\t\t\t\t\t<\/div>\n\t\t<\/section>\n\t\t\t\t<section class=\"elementor-section elementor-top-section elementor-element elementor-element-3570987 elementor-section-full_width elementor-section-stretched elementor-section-height-default elementor-section-height-default\" data-id=\"3570987\" data-element_type=\"section\" data-settings=\"{&quot;stretch_section&quot;:&quot;section-stretched&quot;}\">\n\t\t\t\t\t\t<div class=\"elementor-container elementor-column-gap-default\">\n\t\t\t\t\t<div class=\"elementor-column elementor-col-50 elementor-top-column elementor-element elementor-element-c38d0c5\" data-id=\"c38d0c5\" data-element_type=\"column\">\n\t\t\t<div class=\"elementor-widget-wrap elementor-element-populated\">\n\t\t\t\t\t\t\t\t<div class=\"elementor-element elementor-element-d1df313 elementor-widget elementor-widget-image\" data-id=\"d1df313\" data-element_type=\"widget\" data-widget_type=\"image.default\">\n\t\t\t\t<div class=\"elementor-widget-container\">\n\t\t\t\t\t\t\t\t\t\t\t\t\t\t\t<img loading=\"lazy\" decoding=\"async\" width=\"630\" height=\"630\" src=\"https:\/\/www.aikido-ffab-ra.org\/wp-content\/uploads\/pratiquer-laikido\/Pratiquer-Aikido-3.jpg\" class=\"attachment-large size-large\" alt=\"Pratiquer-Aikido-3\" srcset=\"https:\/\/www.aikido-ffab-ra.org\/wp-content\/uploads\/pratiquer-laikido\/Pratiquer-Aikido-3.jpg 630w, https:\/\/www.aikido-ffab-ra.org\/wp-content\/uploads\/pratiquer-laikido\/Pratiquer-Aikido-3-450x450.jpg 450w, https:\/\/www.aikido-ffab-ra.org\/wp-content\/uploads\/pratiquer-laikido\/Pratiquer-Aikido-3-300x300.jpg 300w\" sizes=\"auto, (max-width: 630px) 100vw, 630px\" \/>\t\t\t\t\t\t\t\t\t\t\t\t\t\t\t<\/div>\n\t\t\t\t<\/div>\n\t\t\t\t\t<\/div>\n\t\t<\/div>\n\t\t\t\t<div class=\"elementor-column elementor-col-50 elementor-top-column elementor-element elementor-element-493f238\" data-id=\"493f238\" data-element_type=\"column\">\n\t\t\t<div class=\"elementor-widget-wrap elementor-element-populated\">\n\t\t\t\t\t\t\t\t<div class=\"elementor-element elementor-element-d6d66bc elementor-widget elementor-widget-menu-anchor\" data-id=\"d6d66bc\" data-element_type=\"widget\" data-widget_type=\"menu-anchor.default\">\n\t\t\t\t<div class=\"elementor-widget-container\">\n\t\t\t\t\t<div id=\"jeunes\" class=\"elementor-menu-anchor\"><\/div>\n\t\t\t\t<\/div>\n\t\t\t\t<\/div>\n\t\t\t\t<div class=\"elementor-element elementor-element-51d105c elementor-widget elementor-widget-text-editor\" data-id=\"51d105c\" data-element_type=\"widget\" data-widget_type=\"text-editor.default\">\n\t\t\t\t<div class=\"elementor-widget-container\">\n\t\t\t\t\t\t\t<h2>Les clubs a\u00efkido ENFANTS &#8211; JEUNES<\/h2><p>Les clubs A\u00cfKIDO du Lyonnais avec une section ENFANTS &#8211; JEUNES sont indiqu\u00e9s dans notre rubrique <a class=\"spip_out\" href=\"https:\/\/www.aikido-ffab-ra.org\/?page_id=421\">CLUBS<\/a><\/p><ul><li>Pour rechercher un club dans le Lyonnais, rendez vous dans notre rubrique <a class=\"spip_out\" href=\"https:\/\/www.aikido-ffab-ra.org\/?page_id=421\">CLUBS<\/a><\/li><\/ul><ul><li>Pour rechercher un club d\u2019AIKIDO dans toute la France, rendez vous sur le site de la <a class=\"spip_out\" href=\"http:\/\/www.ffabaikido.fr\/fr\/les-clubs-34.html\" rel=\"external\">FFAB<\/a><\/li><\/ul>\t\t\t\t\t\t<\/div>\n\t\t\t\t<\/div>\n\t\t\t\t\t<\/div>\n\t\t<\/div>\n\t\t\t\t\t\t\t<\/div>\n\t\t<\/section>\n\t\t\t\t<section class=\"elementor-section elementor-top-section elementor-element elementor-element-e76fdda elementor-section-full_width elementor-section-stretched elementor-section-height-default elementor-section-height-default\" data-id=\"e76fdda\" data-element_type=\"section\" data-settings=\"{&quot;stretch_section&quot;:&quot;section-stretched&quot;}\">\n\t\t\t\t\t\t<div class=\"elementor-container elementor-column-gap-default\">\n\t\t\t\t\t<div class=\"elementor-column elementor-col-50 elementor-top-column elementor-element elementor-element-1af24f0\" data-id=\"1af24f0\" data-element_type=\"column\">\n\t\t\t<div class=\"elementor-widget-wrap elementor-element-populated\">\n\t\t\t\t\t\t\t\t<div class=\"elementor-element elementor-element-9979ce1 elementor-widget elementor-widget-image\" data-id=\"9979ce1\" data-element_type=\"widget\" data-widget_type=\"image.default\">\n\t\t\t\t<div class=\"elementor-widget-container\">\n\t\t\t\t\t\t\t\t\t\t\t\t\t\t\t<img loading=\"lazy\" decoding=\"async\" width=\"630\" height=\"630\" src=\"https:\/\/www.aikido-ffab-ra.org\/wp-content\/uploads\/pratiquer-laikido\/Pratiquer-Aikido-1.jpg\" class=\"attachment-large size-large\" alt=\"Pratiquer-Aikido-1\" srcset=\"https:\/\/www.aikido-ffab-ra.org\/wp-content\/uploads\/pratiquer-laikido\/Pratiquer-Aikido-1.jpg 630w, https:\/\/www.aikido-ffab-ra.org\/wp-content\/uploads\/pratiquer-laikido\/Pratiquer-Aikido-1-450x450.jpg 450w, https:\/\/www.aikido-ffab-ra.org\/wp-content\/uploads\/pratiquer-laikido\/Pratiquer-Aikido-1-300x300.jpg 300w\" sizes=\"auto, (max-width: 630px) 100vw, 630px\" \/>\t\t\t\t\t\t\t\t\t\t\t\t\t\t\t<\/div>\n\t\t\t\t<\/div>\n\t\t\t\t\t<\/div>\n\t\t<\/div>\n\t\t\t\t<div class=\"elementor-column elementor-col-50 elementor-top-column elementor-element elementor-element-31a7ce2\" data-id=\"31a7ce2\" data-element_type=\"column\">\n\t\t\t<div class=\"elementor-widget-wrap elementor-element-populated\">\n\t\t\t\t\t\t\t\t<div class=\"elementor-element elementor-element-9f61ba9 elementor-widget elementor-widget-menu-anchor\" data-id=\"9f61ba9\" data-element_type=\"widget\" data-widget_type=\"menu-anchor.default\">\n\t\t\t\t<div class=\"elementor-widget-container\">\n\t\t\t\t\t<div id=\"jeunes\" class=\"elementor-menu-anchor\"><\/div>\n\t\t\t\t<\/div>\n\t\t\t\t<\/div>\n\t\t\t\t<div class=\"elementor-element elementor-element-9e4b94f elementor-widget elementor-widget-text-editor\" data-id=\"9e4b94f\" data-element_type=\"widget\" data-widget_type=\"text-editor.default\">\n\t\t\t\t<div class=\"elementor-widget-container\">\n\t\t\t\t\t\t\t<h2>Le Balayage<\/h2><p>Pour cela, il suffit d\u2019utiliser le balai comme le calligraphe utilise son pinceau : \u00e0 main lev\u00e9e il pose son pinceau sur le papier, trace son trait puis le soul\u00e8ve verticalement. Pour se convaincre de l\u2019efficacit\u00e9 d\u2019une telle m\u00e9thode, il suffit un jour de s\u2019entra\u00eener \u00e0 balayer une cave poussi\u00e9reuse, un fournil de boulanger (farine) ou un atelier de menuiserie (sciure).<br \/>Tamura Sense\u00ef nous rappelle dans son livre Etiquette et Transmission les principes du balayage : \u00ab Pour prendre la seule utilisation du balai, il faut tenir le manche avec l\u00e9g\u00e8ret\u00e9 et faire passer le Ki jusqu\u2019aux poils de la brosse, l\u2019utiliser avec agilit\u00e9, l\u00e9g\u00e8ret\u00e9 et force. Le principe est le m\u00eame que pour le sabre ou le b\u00e2ton. C\u2019est un exercice qui permet, en balayant tous les recoins, d\u2019apprendre \u00e0 voir jusqu\u2019aux aspects cach\u00e9s des choses. \u00bb<\/p>\t\t\t\t\t\t<\/div>\n\t\t\t\t<\/div>\n\t\t\t\t\t<\/div>\n\t\t<\/div>\n\t\t\t\t\t\t\t<\/div>\n\t\t<\/section>\n\t\t\t\t\t\t\t<\/div>\n\t\t","protected":false},"excerpt":{"rendered":"<p>Les Fondations, Shisei, Kokyu, Kamae, Ma A\u00ef \u2026.. Signification des bases La discipline A\u00cfKIDO s&rsquo;inscrit dans une dimension culturelle sp\u00e9cifique qui tend \u00e0 d\u00e9velopper l&rsquo;\u00eatre humain dans toutes les dimensions de son \u00eatre. C&rsquo;est la raison pour laquelle nous devons mettre au c\u0153ur de l\u2019enseignement de l\u2019A\u00efkido les notions fondamentales transmises par TAMURA Sense\u00ef et [&hellip;]<\/p>\n","protected":false},"author":3,"featured_media":3644,"parent":11,"menu_order":6,"comment_status":"closed","ping_status":"closed","template":"","meta":{"footnotes":""},"class_list":["post-430","page","type-page","status-publish","has-post-thumbnail","hentry","entry","has-media"],"yoast_head":"<!-- This site is optimized with the Yoast SEO plugin v19.7.1 - https:\/\/yoast.com\/wordpress\/plugins\/seo\/ -->\n<title>Pratiquer l&#039;A\u00efkido - CILAB<\/title>\n<meta name=\"description\" content=\"Les Fondations, Shisei, Kokyu, Kamae, Ma A\u00ef \u2026..Signification des basesLa discipline A\u00cfKIDO s&#039;inscrit dans une dimension culturelle sp\u00e9cifique qui tend \u00e0\" \/>\n<meta name=\"robots\" content=\"index, follow, max-snippet:-1, max-image-preview:large, max-video-preview:-1\" \/>\n<link rel=\"canonical\" href=\"https:\/\/www.aikido-ffab-ra.org\/?page_id=430\" \/>\n<meta property=\"og:locale\" content=\"fr_FR\" \/>\n<meta property=\"og:type\" content=\"article\" \/>\n<meta property=\"og:title\" content=\"Pratiquer l&#039;A\u00efkido - CILAB\" \/>\n<meta property=\"og:description\" content=\"Les Fondations, Shisei, Kokyu, Kamae, Ma A\u00ef \u2026..Signification des basesLa discipline A\u00cfKIDO s&#039;inscrit dans une dimension culturelle sp\u00e9cifique qui tend \u00e0\" \/>\n<meta property=\"og:url\" content=\"https:\/\/www.aikido-ffab-ra.org\/?page_id=430\" \/>\n<meta property=\"og:site_name\" content=\"CILAB\" \/>\n<meta property=\"article:publisher\" content=\"https:\/\/www.facebook.com\/aikido.cilab.7\" \/>\n<meta property=\"article:modified_time\" content=\"2025-03-10T14:25:20+00:00\" \/>\n<meta property=\"og:image\" content=\"https:\/\/www.aikido-ffab-ra.org\/wp-content\/uploads\/pratiquer-laikido\/Pratiquer-Aikido-2.jpg\" \/>\n\t<meta property=\"og:image:width\" content=\"630\" \/>\n\t<meta property=\"og:image:height\" content=\"630\" \/>\n\t<meta property=\"og:image:type\" content=\"image\/jpeg\" \/>\n<meta name=\"twitter:card\" content=\"summary_large_image\" \/>\n<meta name=\"twitter:label1\" content=\"Dur\u00e9e de lecture estim\u00e9e\" \/>\n\t<meta name=\"twitter:data1\" content=\"3 minutes\" \/>\n<script type=\"application\/ld+json\" class=\"yoast-schema-graph\">{\"@context\":\"https:\/\/schema.org\",\"@graph\":[{\"@type\":\"WebPage\",\"@id\":\"https:\/\/www.aikido-ffab-ra.org\/?page_id=430\",\"url\":\"https:\/\/www.aikido-ffab-ra.org\/?page_id=430\",\"name\":\"Pratiquer l'A\u00efkido - CILAB\",\"isPartOf\":{\"@id\":\"https:\/\/www.aikido-ffab-ra.org\/#website\"},\"datePublished\":\"2021-03-23T18:03:49+00:00\",\"dateModified\":\"2025-03-10T14:25:20+00:00\",\"description\":\"Les Fondations, Shisei, Kokyu, Kamae, Ma A\u00ef \u2026..Signification des basesLa discipline A\u00cfKIDO s'inscrit dans une dimension culturelle sp\u00e9cifique qui tend \u00e0\",\"breadcrumb\":{\"@id\":\"https:\/\/www.aikido-ffab-ra.org\/?page_id=430#breadcrumb\"},\"inLanguage\":\"fr-FR\",\"potentialAction\":[{\"@type\":\"ReadAction\",\"target\":[\"https:\/\/www.aikido-ffab-ra.org\/?page_id=430\"]}]},{\"@type\":\"BreadcrumbList\",\"@id\":\"https:\/\/www.aikido-ffab-ra.org\/?page_id=430#breadcrumb\",\"itemListElement\":[{\"@type\":\"ListItem\",\"position\":1,\"name\":\"Accueil\",\"item\":\"https:\/\/www.aikido-ffab-ra.org\/\"},{\"@type\":\"ListItem\",\"position\":2,\"name\":\"L&rsquo;A\u00efkido\",\"item\":\"https:\/\/www.aikido-ffab-ra.org\/?page_id=11\"},{\"@type\":\"ListItem\",\"position\":3,\"name\":\"Pratiquer l&rsquo;A\u00efkido\"}]},{\"@type\":\"WebSite\",\"@id\":\"https:\/\/www.aikido-ffab-ra.org\/#website\",\"url\":\"https:\/\/www.aikido-ffab-ra.org\/\",\"name\":\"CILAB\",\"description\":\"\",\"publisher\":{\"@id\":\"https:\/\/www.aikido-ffab-ra.org\/#organization\"},\"potentialAction\":[{\"@type\":\"SearchAction\",\"target\":{\"@type\":\"EntryPoint\",\"urlTemplate\":\"https:\/\/www.aikido-ffab-ra.org\/?s={search_term_string}\"},\"query-input\":\"required name=search_term_string\"}],\"inLanguage\":\"fr-FR\"},{\"@type\":\"Organization\",\"@id\":\"https:\/\/www.aikido-ffab-ra.org\/#organization\",\"name\":\"CILAB\",\"url\":\"https:\/\/www.aikido-ffab-ra.org\/\",\"sameAs\":[\"https:\/\/www.instagram.com\/cilab.aikido\/\",\"https:\/\/www.youtube.com\/channel\/UCt35Eapug9SYepppTidRLbA?app=desktop\",\"https:\/\/www.facebook.com\/aikido.cilab.7\"],\"logo\":{\"@type\":\"ImageObject\",\"inLanguage\":\"fr-FR\",\"@id\":\"https:\/\/www.aikido-ffab-ra.org\/#\/schema\/logo\/image\/\",\"url\":\"https:\/\/www.aikido-ffab-ra.org\/wp-content\/uploads\/2021\/03\/Logo-cilab.png\",\"contentUrl\":\"https:\/\/www.aikido-ffab-ra.org\/wp-content\/uploads\/2021\/03\/Logo-cilab.png\",\"width\":99,\"height\":100,\"caption\":\"CILAB\"},\"image\":{\"@id\":\"https:\/\/www.aikido-ffab-ra.org\/#\/schema\/logo\/image\/\"}}]}<\/script>\n<!-- \/ Yoast SEO plugin. -->","yoast_head_json":{"title":"Pratiquer l'A\u00efkido - CILAB","description":"Les Fondations, Shisei, Kokyu, Kamae, Ma A\u00ef \u2026..Signification des basesLa discipline A\u00cfKIDO s'inscrit dans une dimension culturelle sp\u00e9cifique qui tend \u00e0","robots":{"index":"index","follow":"follow","max-snippet":"max-snippet:-1","max-image-preview":"max-image-preview:large","max-video-preview":"max-video-preview:-1"},"canonical":"https:\/\/www.aikido-ffab-ra.org\/?page_id=430","og_locale":"fr_FR","og_type":"article","og_title":"Pratiquer l'A\u00efkido - CILAB","og_description":"Les Fondations, Shisei, Kokyu, Kamae, Ma A\u00ef \u2026..Signification des basesLa discipline A\u00cfKIDO s'inscrit dans une dimension culturelle sp\u00e9cifique qui tend \u00e0","og_url":"https:\/\/www.aikido-ffab-ra.org\/?page_id=430","og_site_name":"CILAB","article_publisher":"https:\/\/www.facebook.com\/aikido.cilab.7","article_modified_time":"2025-03-10T14:25:20+00:00","og_image":[{"width":630,"height":630,"url":"https:\/\/www.aikido-ffab-ra.org\/wp-content\/uploads\/pratiquer-laikido\/Pratiquer-Aikido-2.jpg","type":"image\/jpeg"}],"twitter_card":"summary_large_image","twitter_misc":{"Dur\u00e9e de lecture estim\u00e9e":"3 minutes"},"schema":{"@context":"https:\/\/schema.org","@graph":[{"@type":"WebPage","@id":"https:\/\/www.aikido-ffab-ra.org\/?page_id=430","url":"https:\/\/www.aikido-ffab-ra.org\/?page_id=430","name":"Pratiquer l'A\u00efkido - CILAB","isPartOf":{"@id":"https:\/\/www.aikido-ffab-ra.org\/#website"},"datePublished":"2021-03-23T18:03:49+00:00","dateModified":"2025-03-10T14:25:20+00:00","description":"Les Fondations, Shisei, Kokyu, Kamae, Ma A\u00ef \u2026..Signification des basesLa discipline A\u00cfKIDO s'inscrit dans une dimension culturelle sp\u00e9cifique qui tend \u00e0","breadcrumb":{"@id":"https:\/\/www.aikido-ffab-ra.org\/?page_id=430#breadcrumb"},"inLanguage":"fr-FR","potentialAction":[{"@type":"ReadAction","target":["https:\/\/www.aikido-ffab-ra.org\/?page_id=430"]}]},{"@type":"BreadcrumbList","@id":"https:\/\/www.aikido-ffab-ra.org\/?page_id=430#breadcrumb","itemListElement":[{"@type":"ListItem","position":1,"name":"Accueil","item":"https:\/\/www.aikido-ffab-ra.org\/"},{"@type":"ListItem","position":2,"name":"L&rsquo;A\u00efkido","item":"https:\/\/www.aikido-ffab-ra.org\/?page_id=11"},{"@type":"ListItem","position":3,"name":"Pratiquer l&rsquo;A\u00efkido"}]},{"@type":"WebSite","@id":"https:\/\/www.aikido-ffab-ra.org\/#website","url":"https:\/\/www.aikido-ffab-ra.org\/","name":"CILAB","description":"","publisher":{"@id":"https:\/\/www.aikido-ffab-ra.org\/#organization"},"potentialAction":[{"@type":"SearchAction","target":{"@type":"EntryPoint","urlTemplate":"https:\/\/www.aikido-ffab-ra.org\/?s={search_term_string}"},"query-input":"required name=search_term_string"}],"inLanguage":"fr-FR"},{"@type":"Organization","@id":"https:\/\/www.aikido-ffab-ra.org\/#organization","name":"CILAB","url":"https:\/\/www.aikido-ffab-ra.org\/","sameAs":["https:\/\/www.instagram.com\/cilab.aikido\/","https:\/\/www.youtube.com\/channel\/UCt35Eapug9SYepppTidRLbA?app=desktop","https:\/\/www.facebook.com\/aikido.cilab.7"],"logo":{"@type":"ImageObject","inLanguage":"fr-FR","@id":"https:\/\/www.aikido-ffab-ra.org\/#\/schema\/logo\/image\/","url":"https:\/\/www.aikido-ffab-ra.org\/wp-content\/uploads\/2021\/03\/Logo-cilab.png","contentUrl":"https:\/\/www.aikido-ffab-ra.org\/wp-content\/uploads\/2021\/03\/Logo-cilab.png","width":99,"height":100,"caption":"CILAB"},"image":{"@id":"https:\/\/www.aikido-ffab-ra.org\/#\/schema\/logo\/image\/"}}]}},"_links":{"self":[{"href":"https:\/\/www.aikido-ffab-ra.org\/index.php?rest_route=\/wp\/v2\/pages\/430","targetHints":{"allow":["GET"]}}],"collection":[{"href":"https:\/\/www.aikido-ffab-ra.org\/index.php?rest_route=\/wp\/v2\/pages"}],"about":[{"href":"https:\/\/www.aikido-ffab-ra.org\/index.php?rest_route=\/wp\/v2\/types\/page"}],"author":[{"embeddable":true,"href":"https:\/\/www.aikido-ffab-ra.org\/index.php?rest_route=\/wp\/v2\/users\/3"}],"replies":[{"embeddable":true,"href":"https:\/\/www.aikido-ffab-ra.org\/index.php?rest_route=%2Fwp%2Fv2%2Fcomments&post=430"}],"version-history":[{"count":59,"href":"https:\/\/www.aikido-ffab-ra.org\/index.php?rest_route=\/wp\/v2\/pages\/430\/revisions"}],"predecessor-version":[{"id":4527,"href":"https:\/\/www.aikido-ffab-ra.org\/index.php?rest_route=\/wp\/v2\/pages\/430\/revisions\/4527"}],"up":[{"embeddable":true,"href":"https:\/\/www.aikido-ffab-ra.org\/index.php?rest_route=\/wp\/v2\/pages\/11"}],"wp:featuredmedia":[{"embeddable":true,"href":"https:\/\/www.aikido-ffab-ra.org\/index.php?rest_route=\/wp\/v2\/media\/3644"}],"wp:attachment":[{"href":"https:\/\/www.aikido-ffab-ra.org\/index.php?rest_route=%2Fwp%2Fv2%2Fmedia&parent=430"}],"curies":[{"name":"wp","href":"https:\/\/api.w.org\/{rel}","templated":true}]}}