{"id":434,"date":"2021-03-23T19:04:42","date_gmt":"2021-03-23T18:04:42","guid":{"rendered":"http:\/\/www.aikido-ffab-ra.org\/?page_id=434"},"modified":"2026-02-04T11:31:50","modified_gmt":"2026-02-04T10:31:50","slug":"enseigner-l-aikido","status":"publish","type":"page","link":"https:\/\/www.aikido-ffab-ra.org\/?page_id=434","title":{"rendered":"Enseigner l&rsquo;A\u00efkido"},"content":{"rendered":"\t\t<div data-elementor-type=\"wp-page\" data-elementor-id=\"434\" class=\"elementor elementor-434\">\n\t\t\t\t\t\t\t\t\t<section class=\"elementor-section elementor-top-section elementor-element elementor-element-14ce60d elementor-section-full_width elementor-section-height-min-height elementor-section-stretched elementor-section-height-default elementor-section-items-middle\" data-id=\"14ce60d\" data-element_type=\"section\" data-settings=\"{&quot;stretch_section&quot;:&quot;section-stretched&quot;,&quot;background_background&quot;:&quot;classic&quot;}\">\n\t\t\t\t\t\t<div class=\"elementor-container elementor-column-gap-default\">\n\t\t\t\t\t<div class=\"elementor-column elementor-col-100 elementor-top-column elementor-element elementor-element-b0db299\" data-id=\"b0db299\" data-element_type=\"column\">\n\t\t\t<div class=\"elementor-widget-wrap\">\n\t\t\t\t\t\t\t\t\t<\/div>\n\t\t<\/div>\n\t\t\t\t\t\t\t<\/div>\n\t\t<\/section>\n\t\t\t\t<section class=\"elementor-section elementor-top-section elementor-element elementor-element-2f77ba66 elementor-section-full_width elementor-section-stretched elementor-section-height-default elementor-section-height-default\" data-id=\"2f77ba66\" data-element_type=\"section\" data-settings=\"{&quot;stretch_section&quot;:&quot;section-stretched&quot;}\">\n\t\t\t\t\t\t<div class=\"elementor-container elementor-column-gap-default\">\n\t\t\t\t\t<div class=\"elementor-column elementor-col-50 elementor-top-column elementor-element elementor-element-cc0dc7d\" data-id=\"cc0dc7d\" data-element_type=\"column\">\n\t\t\t<div class=\"elementor-widget-wrap elementor-element-populated\">\n\t\t\t\t\t\t\t\t<div class=\"elementor-element elementor-element-e81405f elementor-widget elementor-widget-image\" data-id=\"e81405f\" data-element_type=\"widget\" data-widget_type=\"image.default\">\n\t\t\t\t<div class=\"elementor-widget-container\">\n\t\t\t\t\t\t\t\t\t\t\t\t\t\t\t<img loading=\"lazy\" decoding=\"async\" width=\"450\" height=\"450\" src=\"https:\/\/www.aikido-ffab-ra.org\/wp-content\/uploads\/enseigner-l-aikido\/Enseigner-Aikido-4-450x450.jpg\" class=\"attachment-medium size-medium\" alt=\"Enseigner-Aikido-4\" srcset=\"https:\/\/www.aikido-ffab-ra.org\/wp-content\/uploads\/enseigner-l-aikido\/Enseigner-Aikido-4-450x450.jpg 450w, https:\/\/www.aikido-ffab-ra.org\/wp-content\/uploads\/enseigner-l-aikido\/Enseigner-Aikido-4-300x300.jpg 300w, https:\/\/www.aikido-ffab-ra.org\/wp-content\/uploads\/enseigner-l-aikido\/Enseigner-Aikido-4.jpg 630w\" sizes=\"auto, (max-width: 450px) 100vw, 450px\" \/>\t\t\t\t\t\t\t\t\t\t\t\t\t\t\t<\/div>\n\t\t\t\t<\/div>\n\t\t\t\t\t<\/div>\n\t\t<\/div>\n\t\t\t\t<div class=\"elementor-column elementor-col-50 elementor-top-column elementor-element elementor-element-8fe0083\" data-id=\"8fe0083\" data-element_type=\"column\">\n\t\t\t<div class=\"elementor-widget-wrap elementor-element-populated\">\n\t\t\t\t\t\t\t\t<div class=\"elementor-element elementor-element-49c34d43 elementor-widget elementor-widget-text-editor\" data-id=\"49c34d43\" data-element_type=\"widget\" data-widget_type=\"text-editor.default\">\n\t\t\t\t<div class=\"elementor-widget-container\">\n\t\t\t\t\t\t\t<h2>CILAB : Le Dojo &amp; l\u2019\u00e9tiquette<\/h2><p><strong>R\u00e8glement technique FFAB vot\u00e9 en 2014.<\/strong><\/p><ul class=\"spip\"><li>Article 5\u00a0: Dojo &amp; \u00e9tiquette<\/li><\/ul><p>Cet article d\u00e9fini\u00a0:<\/p><ul class=\"spip\"><li>Le dojo\u00a0: Lieu de pratique<\/li><li>Le Reishiki\u00a0: L\u2019\u00e9tiquette<\/li><li>La tenue vestimentaire<\/li><\/ul><p><i>Article 5 en t\u00e9l\u00e9chargement ci dessous :<\/i><\/p><ul><li><a href=\"https:\/\/www.ffabaikido.fr\/fr\/pdf\/REGLEMENT_TECHNIQUE%20NOVEMBRE%202024.pdf\"><strong>Article 5_Regl.Technique<\/strong> FFAB_2014<\/a><\/li><\/ul>\t\t\t\t\t\t<\/div>\n\t\t\t\t<\/div>\n\t\t\t\t\t<\/div>\n\t\t<\/div>\n\t\t\t\t\t\t\t<\/div>\n\t\t<\/section>\n\t\t\t\t<section class=\"elementor-section elementor-top-section elementor-element elementor-element-5c12e83 elementor-section-full_width elementor-section-stretched elementor-section-height-default elementor-section-height-default\" data-id=\"5c12e83\" data-element_type=\"section\" data-settings=\"{&quot;stretch_section&quot;:&quot;section-stretched&quot;}\">\n\t\t\t\t\t\t<div class=\"elementor-container elementor-column-gap-default\">\n\t\t\t\t\t<div class=\"elementor-column elementor-col-50 elementor-top-column elementor-element elementor-element-83c8bd0\" data-id=\"83c8bd0\" data-element_type=\"column\">\n\t\t\t<div class=\"elementor-widget-wrap elementor-element-populated\">\n\t\t\t\t\t\t\t\t<div class=\"elementor-element elementor-element-0991a21 elementor-widget elementor-widget-image\" data-id=\"0991a21\" data-element_type=\"widget\" data-widget_type=\"image.default\">\n\t\t\t\t<div class=\"elementor-widget-container\">\n\t\t\t\t\t\t\t\t\t\t\t\t\t\t\t<img loading=\"lazy\" decoding=\"async\" width=\"630\" height=\"420\" src=\"https:\/\/www.aikido-ffab-ra.org\/wp-content\/uploads\/enseigner-l-aikido\/Enseigner-Aikido-3.jpg\" class=\"attachment-large size-large\" alt=\"Enseigner-Aikido-3\" srcset=\"https:\/\/www.aikido-ffab-ra.org\/wp-content\/uploads\/enseigner-l-aikido\/Enseigner-Aikido-3.jpg 630w, https:\/\/www.aikido-ffab-ra.org\/wp-content\/uploads\/enseigner-l-aikido\/Enseigner-Aikido-3-450x300.jpg 450w\" sizes=\"auto, (max-width: 630px) 100vw, 630px\" \/>\t\t\t\t\t\t\t\t\t\t\t\t\t\t\t<\/div>\n\t\t\t\t<\/div>\n\t\t\t\t\t<\/div>\n\t\t<\/div>\n\t\t\t\t<div class=\"elementor-column elementor-col-50 elementor-top-column elementor-element elementor-element-041e148\" data-id=\"041e148\" data-element_type=\"column\">\n\t\t\t<div class=\"elementor-widget-wrap elementor-element-populated\">\n\t\t\t\t\t\t\t\t<div class=\"elementor-element elementor-element-07dbdd7 elementor-widget elementor-widget-text-editor\" data-id=\"07dbdd7\" data-element_type=\"widget\" data-widget_type=\"text-editor.default\">\n\t\t\t\t<div class=\"elementor-widget-container\">\n\t\t\t\t\t\t\t<h2>Les Dipl\u00f4mes d\u2019enseignement de l\u2019Aik\u00efdo &amp; Budo<\/h2><p><strong>La F.F.A.B, F\u00e9d\u00e9ration agr\u00e9\u00e9e, reconnue par l\u2019Etat, organise des formations<\/strong>, des \u00c9coles de Cadres \u00e0 l\u2019attention des <strong>professeurs<\/strong> afin de les q<strong>ualifier avec des dipl\u00f4mes d\u2019enseignements.<\/strong><br class=\"autobr\" \/>Il existe actuellement plusieurs dipl\u00f4mes d\u2019enseignement\u00a0:<\/p><ul class=\"spip\"><li><strong>Le Brevet d\u2019Initiateur F\u00e9d\u00e9ral d\u2019A\u00efkido<\/strong> &#8211; B.I.F.A. (Enseignement b\u00e9n\u00e9vole)<\/li><\/ul><ul class=\"spip\"><li><strong>Le Brevet F\u00e9d\u00e9ral<\/strong> &#8211; BF (Enseignement b\u00e9n\u00e9vole)<\/li><\/ul><p><strong>\u00a0 \u00a0 \u00a0 \u00a0A Lire<\/strong> :<a href=\"https:\/\/www.ffabaikido.fr\/fr\/pdf\/DEPLIANT%20BF%2025-26.pdf\">cliquer ICI d\u00e9pliant BF 2025-26<\/a><\/p><p><a href=\"https:\/\/www.ffabaikido.fr\/fr\/pdf\/fiche%20inscription%20formation%20BF%202025-26.pdf\">\u00a0 \u00a0 \u00a0 \u00a0 \u00a0 \u00a0 \u00a0 \u00a0 \u00a0 \u00a0Cliquer sur le lien :\u00a0 \u00a0<strong>Fiche<\/strong> d&rsquo;<\/a>inscription <a href=\"https:\/\/www.aikido-ffab-ra.org\/wp-content\/uploads\/fiche-inscription-formation-BF-2025-26.pdf\">BF 2025-26<\/a><\/p><p><i>Ces deux dipl\u00f4mes attestent que l\u2019intervenant a suivi une formation p\u00e9dagogique pour enseigner l\u2019A\u00efkido aupr\u00e8s de la FFAB.<\/i><\/p><ol class=\"spip\"><li><strong>Le certificat de qualification professionnelle<\/strong> &#8211; CQP arts martiaux d\u00e9livr\u00e9 par la FFAB qui poss\u00e8de un centre de formation et d\u2019examen.<\/li><li><strong>Le Brevet d\u2019Etat d\u2019Educateur Sportif BEES<\/strong>\u00a0: plus complet, c\u2019est un Dipl\u00f4me d\u2019\u00c9tat sanctionnant une formation g\u00e9n\u00e9rale et une formation sp\u00e9cifique \u00e0 l\u2019enseignement de l\u2019A\u00efkido (Enseignement contre r\u00e9mun\u00e9ration) <i>Correspondance dipl\u00f4me actuel = DEJEPS (Dipl\u00f4me d\u2019\u00c9tat de la Jeunesse, de l\u2019\u00e9ducation Populaire et du Sport)<\/i><\/li><\/ol><h4><strong>Dispositif d&rsquo;accompagnement financier candidats BIFA, BF et CQP .<\/strong><\/h4><p>Le CILAB vous accompagne financi\u00e8rement pour vos formations\u00a0 :<\/p><ul><li><a href=\"https:\/\/www.aikido-ffab-ra.org\/wp-content\/uploads\/Accompagnement-a-la-formation-1-fev.pdf\">Info formation: cliquer ICI<\/a><\/li><li>Formulaire remboursement formation : <a href=\"https:\/\/www.aikido-ffab-ra.org\/wp-content\/uploads\/NDF-CILAB-formation-enseignants-1-fev.xlsx\">cliquez ICI\u00a0<\/a><\/li><\/ul>\t\t\t\t\t\t<\/div>\n\t\t\t\t<\/div>\n\t\t\t\t\t<\/div>\n\t\t<\/div>\n\t\t\t\t\t\t\t<\/div>\n\t\t<\/section>\n\t\t\t\t<section class=\"elementor-section elementor-top-section elementor-element elementor-element-9838cc2 elementor-section-full_width elementor-section-stretched elementor-section-height-default elementor-section-height-default\" data-id=\"9838cc2\" data-element_type=\"section\" data-settings=\"{&quot;stretch_section&quot;:&quot;section-stretched&quot;}\">\n\t\t\t\t\t\t<div class=\"elementor-container elementor-column-gap-default\">\n\t\t\t\t\t<div class=\"elementor-column elementor-col-50 elementor-top-column elementor-element elementor-element-2dbed9a\" data-id=\"2dbed9a\" data-element_type=\"column\">\n\t\t\t<div class=\"elementor-widget-wrap elementor-element-populated\">\n\t\t\t\t\t\t\t\t<div class=\"elementor-element elementor-element-043cc29 elementor-widget elementor-widget-image\" data-id=\"043cc29\" data-element_type=\"widget\" data-widget_type=\"image.default\">\n\t\t\t\t<div class=\"elementor-widget-container\">\n\t\t\t\t\t\t\t\t\t\t\t\t\t\t\t<img loading=\"lazy\" decoding=\"async\" width=\"630\" height=\"630\" src=\"https:\/\/www.aikido-ffab-ra.org\/wp-content\/uploads\/enseigner-l-aikido\/Enseigner-Aikido-1.jpg\" class=\"attachment-large size-large\" alt=\"\" srcset=\"https:\/\/www.aikido-ffab-ra.org\/wp-content\/uploads\/enseigner-l-aikido\/Enseigner-Aikido-1.jpg 630w, https:\/\/www.aikido-ffab-ra.org\/wp-content\/uploads\/enseigner-l-aikido\/Enseigner-Aikido-1-450x450.jpg 450w, https:\/\/www.aikido-ffab-ra.org\/wp-content\/uploads\/enseigner-l-aikido\/Enseigner-Aikido-1-300x300.jpg 300w\" sizes=\"auto, (max-width: 630px) 100vw, 630px\" \/>\t\t\t\t\t\t\t\t\t\t\t\t\t\t\t<\/div>\n\t\t\t\t<\/div>\n\t\t\t\t\t<\/div>\n\t\t<\/div>\n\t\t\t\t<div class=\"elementor-column elementor-col-50 elementor-top-column elementor-element elementor-element-84f63e4\" data-id=\"84f63e4\" data-element_type=\"column\">\n\t\t\t<div class=\"elementor-widget-wrap elementor-element-populated\">\n\t\t\t\t\t\t\t\t<div class=\"elementor-element elementor-element-be404a5 elementor-widget elementor-widget-text-editor\" data-id=\"be404a5\" data-element_type=\"widget\" data-widget_type=\"text-editor.default\">\n\t\t\t\t<div class=\"elementor-widget-container\">\n\t\t\t\t\t\t\t<h2>BIFA &#8211; BREVET D\u2019INITIATEUR FEDERAL D\u2019A\u00cfKIDO<\/h2><p><strong>Pr\u00e9cisions sur le BIFA<\/strong> <a href=\"https:\/\/www.aikido-ffab-ra.org\/wp-content\/uploads\/BIFA.pdf\">ICI<\/a><\/p><p><strong>In<\/strong><strong>scriptions et renouvellement BIFA 2025\/26 <\/strong><a href=\"https:\/\/www.aikido-ffab-ra.org\/wp-content\/uploads\/2025-10-11-Formulaire-BIFA-2025-v2.pdf\">ICI<\/a><\/p><p>Ce dipl\u00f4me est un brevet d\u2019enseignement pr\u00e9par\u00e9 et d\u00e9livr\u00e9 au niveau des ligues avec des directives f\u00e9d\u00e9rales. Il permet \u00e0 un futur enseignant de se familiariser avec toutes les modalit\u00e9s administratives et p\u00e9dagogiques pour le passage du B.F. par la suite.<br class=\"autobr\" \/><strong>Il permet d\u2019enseigner pendant une ann\u00e9e, et est susceptible d\u2019\u00eatre renouvel\u00e9.<\/strong><\/p><p><strong>Conditions d\u2019inscription\u00a0:<\/strong><\/p><ul><li>Avoir 18 ans<\/li><li>1er Dan minimum<\/li><li>\u00catre titulaire de\u00a0: PSC1-AFPS<\/li><li>\u00catre inscrit \u00e0 l\u2019\u00e9cole r\u00e9gionale (\u00e9cole des cadres)<\/li><li>Frais de participation (fix\u00e9s par la Ligue organisatrice de la formation)<\/li><\/ul><p><strong>Conditions d\u2019obtention\u00a0:<\/strong><\/p><p>On demande la participation r\u00e9guli\u00e8re aux\u00a0:<\/p><ul><li>\u00e9coles r\u00e9gionales<\/li><li>pr\u00e9paration de grade dan<\/li><\/ul><p>Avec un minimum de participation\u00a0:<\/p><ul><li>\u00e0 l\u2019\u00e9cole des cadres r\u00e9gionales (nbre d\u00e9fini par la Ligue d\u2019appartenance).<\/li><li>aux autres stages organis\u00e9s par la ligue ou la f\u00e9d\u00e9ration (nbre d\u00e9fini par la Ligue d\u2019appartenance).<\/li><\/ul><p>La formation comprendra\u00a0:<\/p><ul><li>une partie technique<\/li><li>une partie p\u00e9dagogique<\/li><li>une partie l\u00e9gislative (facultatif suivant organisation r\u00e9gionale)<\/li><\/ul><p>Chaque candidat au BIFA sera mis en situation d\u2019animation de tout ou partie d\u2019une s\u00e9ance d\u2019A\u00efkido.<br class=\"autobr\" \/>Le BIFA sera d\u00e9livr\u00e9 par le CER avec accord du pr\u00e9sident de ligue et de la commission technique f\u00e9d\u00e9rale.<\/p><p><strong>Pour son renouvellement<\/strong>, on demandera toujours la participation aux stages d\u2019\u00e9cole r\u00e9gionale et de pr\u00e9paration aux grades dan, plus une lettre de motivation adress\u00e9e au pr\u00e9sident de ligue.<\/p><p>Le dipl\u00f4me sera transmis \u00e0 la ligue par la f\u00e9d\u00e9ration. Le BIFA est renouvelable annuellement et n\u2019ouvre pas droit \u00e0 une r\u00e9mun\u00e9ration.<\/p><h2><strong>A\u00efkido et Handicap : <\/strong><\/h2><p>L\u2019accueil des personnes en situation de handicap dans un dojo s\u2019inscrit pleinement dans les valeurs \u00e9ducatives de l\u2019A\u00efkido et dans les obligations l\u00e9gales des clubs affili\u00e9s \u00e0 la FFAB. L\u2019inclusion est une responsabilit\u00e9 partag\u00e9e entre enseignants, dirigeants et pratiquants. L&rsquo;enseignement pour un public handicap\u00e9 n\u00e9cessite une formation adapt\u00e9e, un module sp\u00e9cifique sera int\u00e9gr\u00e9 dans les prochains cursus f\u00e9d\u00e9ral. Ci-dessous les liens vers les documents utiles.<\/p><ul><li><a href=\"https:\/\/www.aikido-ffab-ra.org\/wp-content\/uploads\/Fiche_Info_10_Aikido_Handicap.pdf\"><span style=\"text-decoration: underline;\">Fiche information A\u00efkido Handicap<\/span><\/a><\/li><li><a href=\"https:\/\/www.aikido-ffab-ra.org\/wp-content\/uploads\/2eme-Etudes_de_Cas_Aikido_BF_Handicap.pdf\"><span style=\"text-decoration: underline;\">Etude de cas\u00a0<\/span><\/a><\/li><li><a href=\"https:\/\/www.aikido-ffab-ra.org\/wp-content\/uploads\/Decret-du-16-mai-2025-sur-affichage-obligatoire-clubs.pdf\"><span style=\"text-decoration: underline;\">D\u00e9cret r\u00e8glementaire<\/span><\/a><\/li><li><a href=\"https:\/\/www.aikido-ffab-ra.org\/wp-content\/uploads\/une-chance-pour-tous.pdf\"><span style=\"text-decoration: underline;\">L&rsquo;a\u00efkido une chance pour tous<\/span><\/a><\/li><li><a href=\"https:\/\/www.aikido-ffab-ra.org\/wp-content\/uploads\/RESEAU-DE-PARTENAIRES-JANVIER-2025.pdf\"><span style=\"text-decoration: underline;\">R\u00e9seaux partenaires\u00a0<\/span><\/a><\/li><\/ul>\t\t\t\t\t\t<\/div>\n\t\t\t\t<\/div>\n\t\t\t\t\t<\/div>\n\t\t<\/div>\n\t\t\t\t\t\t\t<\/div>\n\t\t<\/section>\n\t\t\t\t<section class=\"elementor-section elementor-top-section elementor-element elementor-element-81abfa1 elementor-section-full_width elementor-section-stretched elementor-section-height-default elementor-section-height-default\" data-id=\"81abfa1\" data-element_type=\"section\" data-settings=\"{&quot;stretch_section&quot;:&quot;section-stretched&quot;}\">\n\t\t\t\t\t\t<div class=\"elementor-container elementor-column-gap-default\">\n\t\t\t\t\t<div class=\"elementor-column elementor-col-50 elementor-top-column elementor-element elementor-element-7133c93\" data-id=\"7133c93\" data-element_type=\"column\">\n\t\t\t<div class=\"elementor-widget-wrap elementor-element-populated\">\n\t\t\t\t\t\t\t\t<div class=\"elementor-element elementor-element-82ef329 elementor-widget elementor-widget-image\" data-id=\"82ef329\" data-element_type=\"widget\" data-widget_type=\"image.default\">\n\t\t\t\t<div class=\"elementor-widget-container\">\n\t\t\t\t\t\t\t\t\t\t\t\t\t\t\t<img loading=\"lazy\" decoding=\"async\" width=\"630\" height=\"420\" src=\"https:\/\/www.aikido-ffab-ra.org\/wp-content\/uploads\/enseigner-l-aikido\/Enseigner-Aikido-2.jpg\" class=\"attachment-large size-large\" alt=\"Enseigner-Aikido-2\" srcset=\"https:\/\/www.aikido-ffab-ra.org\/wp-content\/uploads\/enseigner-l-aikido\/Enseigner-Aikido-2.jpg 630w, https:\/\/www.aikido-ffab-ra.org\/wp-content\/uploads\/enseigner-l-aikido\/Enseigner-Aikido-2-450x300.jpg 450w\" sizes=\"auto, (max-width: 630px) 100vw, 630px\" \/>\t\t\t\t\t\t\t\t\t\t\t\t\t\t\t<\/div>\n\t\t\t\t<\/div>\n\t\t\t\t\t<\/div>\n\t\t<\/div>\n\t\t\t\t<div class=\"elementor-column elementor-col-50 elementor-top-column elementor-element elementor-element-fafcc96\" data-id=\"fafcc96\" data-element_type=\"column\">\n\t\t\t<div class=\"elementor-widget-wrap elementor-element-populated\">\n\t\t\t\t\t\t\t\t<div class=\"elementor-element elementor-element-c49d6aa elementor-widget elementor-widget-text-editor\" data-id=\"c49d6aa\" data-element_type=\"widget\" data-widget_type=\"text-editor.default\">\n\t\t\t\t<div class=\"elementor-widget-container\">\n\t\t\t\t\t\t\t<h2>CILAB &#8211; Convention activit\u00e9 AIKIDO en milieu scolaire<\/h2><p><strong>Pour pouvoir conduire des activit\u00e9s sportives en milieu scolaire<\/strong>, une convention doit \u00eatre \u00e9tablie entre les intervenants et l\u2019\u00e9tablissement\u00a0;<\/p><p><strong>Nous avons cr\u00e9\u00e9 une convention type <\/strong> pour aider les clubs \u00e0 r\u00e9diger cette derni\u00e8re ce qui, nous l\u2019esp\u00e9rons, contribuera \u00e0 mieux faire connaitre notre discipline chez les jeunes.<\/p><ul class=\"spip\"><li><strong>Il est \u00e0 noter que cette convention est obligatoire <\/strong> dans le cadre des activit\u00e9s scolaires et non dans celui des activit\u00e9s p\u00e9riscolaires organis\u00e9es par les mairies.<\/li><\/ul><p>Vous pouvez, en cas de besoin d\u2019information compl\u00e9mentaire, nous contacter au 07 77 04 68 05 ou actucilab@gmail.com.<\/p><p><i>Convention type en t\u00e9l\u00e9chargement ci dessous.<\/i><\/p><dl class=\"spip_document_1695 spip_documents spip_documents_left\"><dt><a title=\"PDF - 80.2\u00a0ko\" href=\"https:\/\/www.ffabaikido.fr\/fr\/pdf\/Intervention%20en%20milieu%20scolaire%20et%20periscolaire.pdf\" type=\"application\/pdf\"><img loading=\"lazy\" decoding=\"async\" class=\"alignnone\" src=\"https:\/\/www.aikido-ffab-ra.org\/plugins-dist\/medias\/prive\/vignettes\/pdf.png\" alt=\"PDF - 80.2\u00a0ko\" width=\"52\" height=\"52\" \/><\/a><\/dt><dt class=\"spip_doc_titre\"><strong>CILAB &#8211; Convention activit\u00e9 AIKIDO en milieu scolaire<\/strong><\/dt><\/dl>\t\t\t\t\t\t<\/div>\n\t\t\t\t<\/div>\n\t\t\t\t\t<\/div>\n\t\t<\/div>\n\t\t\t\t\t\t\t<\/div>\n\t\t<\/section>\n\t\t\t\t\t\t\t<\/div>\n\t\t","protected":false},"excerpt":{"rendered":"<p>CILAB : Le Dojo &amp; l\u2019\u00e9tiquette R\u00e8glement technique FFAB vot\u00e9 en 2014. Article 5\u00a0: Dojo &amp; \u00e9tiquette Cet article d\u00e9fini\u00a0: Le dojo\u00a0: Lieu de pratique Le Reishiki\u00a0: L\u2019\u00e9tiquette La tenue vestimentaire Article 5 en t\u00e9l\u00e9chargement ci dessous : Article 5_Regl.Technique FFAB_2014 Les Dipl\u00f4mes d\u2019enseignement de l\u2019Aik\u00efdo &amp; Budo La F.F.A.B, F\u00e9d\u00e9ration agr\u00e9\u00e9e, reconnue par l\u2019Etat, [&hellip;]<\/p>\n","protected":false},"author":3,"featured_media":3661,"parent":11,"menu_order":8,"comment_status":"closed","ping_status":"closed","template":"","meta":{"footnotes":""},"class_list":["post-434","page","type-page","status-publish","has-post-thumbnail","hentry","entry","has-media"],"yoast_head":"<!-- This site is optimized with the Yoast SEO plugin v19.7.1 - https:\/\/yoast.com\/wordpress\/plugins\/seo\/ -->\n<title>Enseigner l&#039;A\u00efkido - CILAB<\/title>\n<meta name=\"description\" content=\"CILAB : Le Dojo &amp; l\u2019\u00e9tiquetteR\u00e8glement technique FFAB vot\u00e9 en 2014.Article 5\u00a0: Dojo &amp; \u00e9tiquetteCet article d\u00e9fini\u00a0:Le dojo\u00a0: Lieu de pratiqueLe\" \/>\n<meta name=\"robots\" content=\"index, follow, max-snippet:-1, max-image-preview:large, max-video-preview:-1\" \/>\n<link rel=\"canonical\" href=\"https:\/\/www.aikido-ffab-ra.org\/?page_id=434\" \/>\n<meta property=\"og:locale\" content=\"fr_FR\" \/>\n<meta property=\"og:type\" content=\"article\" \/>\n<meta property=\"og:title\" content=\"Enseigner l&#039;A\u00efkido - CILAB\" \/>\n<meta property=\"og:description\" content=\"CILAB : Le Dojo &amp; l\u2019\u00e9tiquetteR\u00e8glement technique FFAB vot\u00e9 en 2014.Article 5\u00a0: Dojo &amp; \u00e9tiquetteCet article d\u00e9fini\u00a0:Le dojo\u00a0: Lieu de pratiqueLe\" \/>\n<meta property=\"og:url\" content=\"https:\/\/www.aikido-ffab-ra.org\/?page_id=434\" \/>\n<meta property=\"og:site_name\" content=\"CILAB\" \/>\n<meta property=\"article:publisher\" content=\"https:\/\/www.facebook.com\/aikido.cilab.7\" \/>\n<meta property=\"article:modified_time\" content=\"2026-02-04T10:31:50+00:00\" \/>\n<meta property=\"og:image\" content=\"https:\/\/www.aikido-ffab-ra.org\/wp-content\/uploads\/enseigner-l-aikido\/Enseigner-Aikido-4.jpg\" \/>\n\t<meta property=\"og:image:width\" content=\"630\" \/>\n\t<meta property=\"og:image:height\" content=\"630\" \/>\n\t<meta property=\"og:image:type\" content=\"image\/jpeg\" \/>\n<meta name=\"twitter:card\" content=\"summary_large_image\" \/>\n<meta name=\"twitter:label1\" content=\"Dur\u00e9e de lecture estim\u00e9e\" \/>\n\t<meta name=\"twitter:data1\" content=\"5 minutes\" \/>\n<script type=\"application\/ld+json\" class=\"yoast-schema-graph\">{\"@context\":\"https:\/\/schema.org\",\"@graph\":[{\"@type\":\"WebPage\",\"@id\":\"https:\/\/www.aikido-ffab-ra.org\/?page_id=434\",\"url\":\"https:\/\/www.aikido-ffab-ra.org\/?page_id=434\",\"name\":\"Enseigner l'A\u00efkido - CILAB\",\"isPartOf\":{\"@id\":\"https:\/\/www.aikido-ffab-ra.org\/#website\"},\"datePublished\":\"2021-03-23T18:04:42+00:00\",\"dateModified\":\"2026-02-04T10:31:50+00:00\",\"description\":\"CILAB : Le Dojo &amp; l\u2019\u00e9tiquetteR\u00e8glement technique FFAB vot\u00e9 en 2014.Article 5\u00a0: Dojo &amp; \u00e9tiquetteCet article d\u00e9fini\u00a0:Le dojo\u00a0: Lieu de pratiqueLe\",\"breadcrumb\":{\"@id\":\"https:\/\/www.aikido-ffab-ra.org\/?page_id=434#breadcrumb\"},\"inLanguage\":\"fr-FR\",\"potentialAction\":[{\"@type\":\"ReadAction\",\"target\":[\"https:\/\/www.aikido-ffab-ra.org\/?page_id=434\"]}]},{\"@type\":\"BreadcrumbList\",\"@id\":\"https:\/\/www.aikido-ffab-ra.org\/?page_id=434#breadcrumb\",\"itemListElement\":[{\"@type\":\"ListItem\",\"position\":1,\"name\":\"Accueil\",\"item\":\"https:\/\/www.aikido-ffab-ra.org\/\"},{\"@type\":\"ListItem\",\"position\":2,\"name\":\"L&rsquo;A\u00efkido\",\"item\":\"https:\/\/www.aikido-ffab-ra.org\/?page_id=11\"},{\"@type\":\"ListItem\",\"position\":3,\"name\":\"Enseigner l&rsquo;A\u00efkido\"}]},{\"@type\":\"WebSite\",\"@id\":\"https:\/\/www.aikido-ffab-ra.org\/#website\",\"url\":\"https:\/\/www.aikido-ffab-ra.org\/\",\"name\":\"CILAB\",\"description\":\"\",\"publisher\":{\"@id\":\"https:\/\/www.aikido-ffab-ra.org\/#organization\"},\"potentialAction\":[{\"@type\":\"SearchAction\",\"target\":{\"@type\":\"EntryPoint\",\"urlTemplate\":\"https:\/\/www.aikido-ffab-ra.org\/?s={search_term_string}\"},\"query-input\":\"required name=search_term_string\"}],\"inLanguage\":\"fr-FR\"},{\"@type\":\"Organization\",\"@id\":\"https:\/\/www.aikido-ffab-ra.org\/#organization\",\"name\":\"CILAB\",\"url\":\"https:\/\/www.aikido-ffab-ra.org\/\",\"sameAs\":[\"https:\/\/www.instagram.com\/cilab.aikido\/\",\"https:\/\/www.youtube.com\/channel\/UCt35Eapug9SYepppTidRLbA?app=desktop\",\"https:\/\/www.facebook.com\/aikido.cilab.7\"],\"logo\":{\"@type\":\"ImageObject\",\"inLanguage\":\"fr-FR\",\"@id\":\"https:\/\/www.aikido-ffab-ra.org\/#\/schema\/logo\/image\/\",\"url\":\"https:\/\/www.aikido-ffab-ra.org\/wp-content\/uploads\/2021\/03\/Logo-cilab.png\",\"contentUrl\":\"https:\/\/www.aikido-ffab-ra.org\/wp-content\/uploads\/2021\/03\/Logo-cilab.png\",\"width\":99,\"height\":100,\"caption\":\"CILAB\"},\"image\":{\"@id\":\"https:\/\/www.aikido-ffab-ra.org\/#\/schema\/logo\/image\/\"}}]}<\/script>\n<!-- \/ Yoast SEO plugin. -->","yoast_head_json":{"title":"Enseigner l'A\u00efkido - CILAB","description":"CILAB : Le Dojo &amp; l\u2019\u00e9tiquetteR\u00e8glement technique FFAB vot\u00e9 en 2014.Article 5\u00a0: Dojo &amp; \u00e9tiquetteCet article d\u00e9fini\u00a0:Le dojo\u00a0: Lieu de pratiqueLe","robots":{"index":"index","follow":"follow","max-snippet":"max-snippet:-1","max-image-preview":"max-image-preview:large","max-video-preview":"max-video-preview:-1"},"canonical":"https:\/\/www.aikido-ffab-ra.org\/?page_id=434","og_locale":"fr_FR","og_type":"article","og_title":"Enseigner l'A\u00efkido - CILAB","og_description":"CILAB : Le Dojo &amp; l\u2019\u00e9tiquetteR\u00e8glement technique FFAB vot\u00e9 en 2014.Article 5\u00a0: Dojo &amp; \u00e9tiquetteCet article d\u00e9fini\u00a0:Le dojo\u00a0: Lieu de pratiqueLe","og_url":"https:\/\/www.aikido-ffab-ra.org\/?page_id=434","og_site_name":"CILAB","article_publisher":"https:\/\/www.facebook.com\/aikido.cilab.7","article_modified_time":"2026-02-04T10:31:50+00:00","og_image":[{"width":630,"height":630,"url":"https:\/\/www.aikido-ffab-ra.org\/wp-content\/uploads\/enseigner-l-aikido\/Enseigner-Aikido-4.jpg","type":"image\/jpeg"}],"twitter_card":"summary_large_image","twitter_misc":{"Dur\u00e9e de lecture estim\u00e9e":"5 minutes"},"schema":{"@context":"https:\/\/schema.org","@graph":[{"@type":"WebPage","@id":"https:\/\/www.aikido-ffab-ra.org\/?page_id=434","url":"https:\/\/www.aikido-ffab-ra.org\/?page_id=434","name":"Enseigner l'A\u00efkido - CILAB","isPartOf":{"@id":"https:\/\/www.aikido-ffab-ra.org\/#website"},"datePublished":"2021-03-23T18:04:42+00:00","dateModified":"2026-02-04T10:31:50+00:00","description":"CILAB : Le Dojo &amp; l\u2019\u00e9tiquetteR\u00e8glement technique FFAB vot\u00e9 en 2014.Article 5\u00a0: Dojo &amp; \u00e9tiquetteCet article d\u00e9fini\u00a0:Le dojo\u00a0: Lieu de pratiqueLe","breadcrumb":{"@id":"https:\/\/www.aikido-ffab-ra.org\/?page_id=434#breadcrumb"},"inLanguage":"fr-FR","potentialAction":[{"@type":"ReadAction","target":["https:\/\/www.aikido-ffab-ra.org\/?page_id=434"]}]},{"@type":"BreadcrumbList","@id":"https:\/\/www.aikido-ffab-ra.org\/?page_id=434#breadcrumb","itemListElement":[{"@type":"ListItem","position":1,"name":"Accueil","item":"https:\/\/www.aikido-ffab-ra.org\/"},{"@type":"ListItem","position":2,"name":"L&rsquo;A\u00efkido","item":"https:\/\/www.aikido-ffab-ra.org\/?page_id=11"},{"@type":"ListItem","position":3,"name":"Enseigner l&rsquo;A\u00efkido"}]},{"@type":"WebSite","@id":"https:\/\/www.aikido-ffab-ra.org\/#website","url":"https:\/\/www.aikido-ffab-ra.org\/","name":"CILAB","description":"","publisher":{"@id":"https:\/\/www.aikido-ffab-ra.org\/#organization"},"potentialAction":[{"@type":"SearchAction","target":{"@type":"EntryPoint","urlTemplate":"https:\/\/www.aikido-ffab-ra.org\/?s={search_term_string}"},"query-input":"required name=search_term_string"}],"inLanguage":"fr-FR"},{"@type":"Organization","@id":"https:\/\/www.aikido-ffab-ra.org\/#organization","name":"CILAB","url":"https:\/\/www.aikido-ffab-ra.org\/","sameAs":["https:\/\/www.instagram.com\/cilab.aikido\/","https:\/\/www.youtube.com\/channel\/UCt35Eapug9SYepppTidRLbA?app=desktop","https:\/\/www.facebook.com\/aikido.cilab.7"],"logo":{"@type":"ImageObject","inLanguage":"fr-FR","@id":"https:\/\/www.aikido-ffab-ra.org\/#\/schema\/logo\/image\/","url":"https:\/\/www.aikido-ffab-ra.org\/wp-content\/uploads\/2021\/03\/Logo-cilab.png","contentUrl":"https:\/\/www.aikido-ffab-ra.org\/wp-content\/uploads\/2021\/03\/Logo-cilab.png","width":99,"height":100,"caption":"CILAB"},"image":{"@id":"https:\/\/www.aikido-ffab-ra.org\/#\/schema\/logo\/image\/"}}]}},"_links":{"self":[{"href":"https:\/\/www.aikido-ffab-ra.org\/index.php?rest_route=\/wp\/v2\/pages\/434","targetHints":{"allow":["GET"]}}],"collection":[{"href":"https:\/\/www.aikido-ffab-ra.org\/index.php?rest_route=\/wp\/v2\/pages"}],"about":[{"href":"https:\/\/www.aikido-ffab-ra.org\/index.php?rest_route=\/wp\/v2\/types\/page"}],"author":[{"embeddable":true,"href":"https:\/\/www.aikido-ffab-ra.org\/index.php?rest_route=\/wp\/v2\/users\/3"}],"replies":[{"embeddable":true,"href":"https:\/\/www.aikido-ffab-ra.org\/index.php?rest_route=%2Fwp%2Fv2%2Fcomments&post=434"}],"version-history":[{"count":138,"href":"https:\/\/www.aikido-ffab-ra.org\/index.php?rest_route=\/wp\/v2\/pages\/434\/revisions"}],"predecessor-version":[{"id":5664,"href":"https:\/\/www.aikido-ffab-ra.org\/index.php?rest_route=\/wp\/v2\/pages\/434\/revisions\/5664"}],"up":[{"embeddable":true,"href":"https:\/\/www.aikido-ffab-ra.org\/index.php?rest_route=\/wp\/v2\/pages\/11"}],"wp:featuredmedia":[{"embeddable":true,"href":"https:\/\/www.aikido-ffab-ra.org\/index.php?rest_route=\/wp\/v2\/media\/3661"}],"wp:attachment":[{"href":"https:\/\/www.aikido-ffab-ra.org\/index.php?rest_route=%2Fwp%2Fv2%2Fmedia&parent=434"}],"curies":[{"name":"wp","href":"https:\/\/api.w.org\/{rel}","templated":true}]}}